{"id":1697,"date":"2025-11-21T14:45:41","date_gmt":"2025-11-21T13:45:41","guid":{"rendered":"https:\/\/www.graiesclimalab.eu\/?page_id=1697"},"modified":"2026-02-04T10:04:55","modified_gmt":"2026-02-04T09:04:55","slug":"projet-pcc","status":"publish","type":"page","link":"https:\/\/www.graiesclimalab.eu\/fr\/projets\/projet-pcc\/","title":{"rendered":"Projet PCC"},"content":{"rendered":"\t\t<div data-elementor-type=\"wp-page\" data-elementor-id=\"1697\" class=\"elementor elementor-1697 elementor-576\" data-elementor-post-type=\"page\">\n\t\t\t\t<div class=\"elementor-element elementor-element-3dee6c0 e-flex e-con-boxed e-con e-parent\" data-id=\"3dee6c0\" data-element_type=\"container\" data-e-type=\"container\">\n\t\t\t\t\t<div class=\"e-con-inner\">\n\t\t\t\t<div class=\"elementor-element elementor-element-cc925db titolo-sfumato elementor-widget__width-initial elementor-widget elementor-widget-heading\" data-id=\"cc925db\" data-element_type=\"widget\" data-e-type=\"widget\" data-widget_type=\"heading.default\">\n\t\t\t\t\t<h1 class=\"elementor-heading-title elementor-size-default\">PCC<\/h1>\t\t\t\t<\/div>\n\t\t\t\t\t<\/div>\n\t\t\t\t<\/div>\n\t\t<div class=\"elementor-element elementor-element-a1b2e34 e-con-full e-flex e-con e-parent\" data-id=\"a1b2e34\" data-element_type=\"container\" data-e-type=\"container\" data-settings=\"{&quot;background_background&quot;:&quot;classic&quot;}\">\n\t\t<div class=\"elementor-element elementor-element-6279bd6 e-con-full e-flex e-con e-child\" data-id=\"6279bd6\" data-element_type=\"container\" data-e-type=\"container\" data-settings=\"{&quot;background_background&quot;:&quot;classic&quot;}\">\n\t\t<div class=\"elementor-element elementor-element-160364f e-con-full e-flex e-con e-child\" data-id=\"160364f\" data-element_type=\"container\" data-e-type=\"container\" data-settings=\"{&quot;background_background&quot;:&quot;classic&quot;}\">\n\t\t\t\t<div class=\"elementor-element elementor-element-0a78981 elementor-widget elementor-widget-heading\" data-id=\"0a78981\" data-element_type=\"widget\" data-e-type=\"widget\" data-widget_type=\"heading.default\">\n\t\t\t\t\t<h2 class=\"elementor-heading-title elementor-size-default\">Projet de Coordination et de Communication<\/h2>\t\t\t\t<\/div>\n\t\t\t\t<div class=\"elementor-element elementor-element-0cefb77 elementor-widget elementor-widget-text-editor\" data-id=\"0cefb77\" data-element_type=\"widget\" data-e-type=\"widget\" data-widget_type=\"text-editor.default\">\n\t\t\t\t\t\t\t\t\t<p>Le Projet de Coordination et de Communication (PCC), actif du 2 septembre 2024 au 2 septembre 2028, a pour objectif g\u00e9n\u00e9ral d\u2019assurer la bonne mise en \u0153uvre de la strat\u00e9gie territoriale int\u00e9gr\u00e9e du PITER+ GRAIES ClimaLab. Le projet d\u00e9veloppe des actions transversales et int\u00e9gr\u00e9es, structur\u00e9es autour de trois axes prioritaires : la gouvernance, la coordination et la capitalisation.<\/p>\t\t\t\t\t\t\t\t<\/div>\n\t\t\t\t<\/div>\n\t\t\t\t<\/div>\n\t\t<div class=\"elementor-element elementor-element-dce0e57 e-con-full e-flex e-con e-child\" data-id=\"dce0e57\" data-element_type=\"container\" data-e-type=\"container\" data-settings=\"{&quot;background_background&quot;:&quot;classic&quot;}\">\n\t\t<div class=\"elementor-element elementor-element-0ad8152 e-con-full e-flex e-con e-child\" data-id=\"0ad8152\" data-element_type=\"container\" data-e-type=\"container\" data-settings=\"{&quot;background_background&quot;:&quot;classic&quot;}\">\n\t\t\t\t<\/div>\n\t\t\t\t<\/div>\n\t\t\t\t<\/div>\n\t\t<div class=\"elementor-element elementor-element-397c7a1 e-flex e-con-boxed e-con e-parent\" data-id=\"397c7a1\" data-element_type=\"container\" data-e-type=\"container\" data-settings=\"{&quot;background_background&quot;:&quot;classic&quot;,&quot;motion_fx_motion_fx_scrolling&quot;:&quot;yes&quot;,&quot;motion_fx_devices&quot;:[&quot;desktop&quot;,&quot;tablet&quot;,&quot;mobile&quot;]}\">\n\t\t\t\t\t<div class=\"e-con-inner\">\n\t\t<div class=\"elementor-element elementor-element-d122b55 e-con-full e-flex e-con e-child\" data-id=\"d122b55\" data-element_type=\"container\" data-e-type=\"container\" data-settings=\"{&quot;background_background&quot;:&quot;classic&quot;}\">\n\t\t<div class=\"elementor-element elementor-element-f42bdf7 e-con-full e-flex e-con e-child\" data-id=\"f42bdf7\" data-element_type=\"container\" data-e-type=\"container\" data-settings=\"{&quot;background_background&quot;:&quot;classic&quot;}\">\n\t\t\t\t<\/div>\n\t\t\t\t<\/div>\n\t\t<div class=\"elementor-element elementor-element-5ed531a e-con-full e-flex e-con e-child\" data-id=\"5ed531a\" data-element_type=\"container\" data-e-type=\"container\" data-settings=\"{&quot;background_background&quot;:&quot;classic&quot;}\">\n\t\t\t\t<div class=\"elementor-element elementor-element-e109138 elementor-widget elementor-widget-text-editor\" data-id=\"e109138\" data-element_type=\"widget\" data-e-type=\"widget\" data-widget_type=\"text-editor.default\">\n\t\t\t\t\t\t\t\t\t<p>Le <strong data-start=\"542\" data-end=\"549\">PCC<\/strong> est charg\u00e9 de faciliter, de stimuler et d\u2019accompagner la collaboration transfrontali\u00e8re tout au long de sa dur\u00e9e, notamment en ce qui concerne les actions de gouvernance et de communication, tout en garantissant la gestion et la capitalisation des r\u00e9sultats obtenus. Dans cette perspective, il assure une gouvernance ad\u00e9quate et continue des projets individuels, en suivant leur mise en \u0153uvre, en \u00e9valuant les r\u00e9sultats atteints et en v\u00e9rifiant les impacts directs et indirects g\u00e9n\u00e9r\u00e9s sur le territoire transfrontalier. Parall\u00e8lement, il organise et coordonne les activit\u00e9s du partenariat, en renfor\u00e7ant et en d\u00e9veloppant les outils de la coop\u00e9ration et en consolidant des relations efficaces et durables entre les acteurs impliqu\u00e9s.<\/p>\t\t\t\t\t\t\t\t<\/div>\n\t\t\t\t<div class=\"elementor-element elementor-element-5961b09 elementor-widget elementor-widget-text-editor\" data-id=\"5961b09\" data-element_type=\"widget\" data-e-type=\"widget\" data-widget_type=\"text-editor.default\">\n\t\t\t\t\t\t\t\t\t<p>Le <strong data-start=\"1289\" data-end=\"1296\">PCC<\/strong> \u00e9labore et coordonne la strat\u00e9gie de communication du Plan, outil permettant de d\u00e9finir, programmer et g\u00e9rer de mani\u00e8re concert\u00e9e, entre l\u2019ensemble des partenaires, les actions de communication du <strong data-start=\"1494\" data-end=\"1504\">PITER+<\/strong> et des projets individuels associ\u00e9s. Cette strat\u00e9gie, partag\u00e9e et valid\u00e9e par tous les chefs de file, d\u00e9finit les objectifs, les outils, les contenus, les cibles et les canaux, et est mise en \u0153uvre d\u00e8s les premi\u00e8res phases de d\u00e9veloppement du <strong data-start=\"1748\" data-end=\"1758\">PITER+<\/strong>, afin de garantir une communication efficace et une identit\u00e9 graphique commune.<\/p>\t\t\t\t\t\t\t\t<\/div>\n\t\t\t\t<div class=\"elementor-element elementor-element-95aa994 elementor-widget elementor-widget-text-editor\" data-id=\"95aa994\" data-element_type=\"widget\" data-e-type=\"widget\" data-widget_type=\"text-editor.default\">\n\t\t\t\t\t\t\t\t\t<p>Parall\u00e8lement, le <strong data-start=\"1858\" data-end=\"1865\">PCC<\/strong> consolide la coop\u00e9ration transfrontali\u00e8re entre l\u2019Italie et la France en promouvant une gouvernance partag\u00e9e impliquant les institutions, les acteurs socio-\u00e9conomiques et les communaut\u00e9s locales. Un \u00e9l\u00e9ment cl\u00e9 de cette action est la mise en place d\u2019un <strong data-start=\"2119\" data-end=\"2158\">Comit\u00e9 scientifique transfrontalier<\/strong>, compos\u00e9 d\u2019experts et d\u2019enseignants italiens et fran\u00e7ais, charg\u00e9 de fournir un appui technique et un conseil scientifique, de participer aux groupes de travail et de produire, le cas \u00e9ch\u00e9ant, des recommandations et des rapports th\u00e9matiques destin\u00e9s \u00e0 orienter les d\u00e9cisions politiques et \u00e0 garantir la qualit\u00e9 des activit\u00e9s.<\/p>\t\t\t\t\t\t\t\t<\/div>\n\t\t\t\t<\/div>\n\t\t\t\t\t<\/div>\n\t\t\t\t<\/div>\n\t\t<div class=\"elementor-element elementor-element-8329e38 e-flex e-con-boxed e-con e-parent\" data-id=\"8329e38\" data-element_type=\"container\" data-e-type=\"container\" data-settings=\"{&quot;background_background&quot;:&quot;classic&quot;}\">\n\t\t\t\t\t<div class=\"e-con-inner\">\n\t\t<div class=\"elementor-element elementor-element-b349310 e-flex e-con-boxed e-con e-child\" data-id=\"b349310\" data-element_type=\"container\" data-e-type=\"container\" data-settings=\"{&quot;background_background&quot;:&quot;classic&quot;}\">\n\t\t\t\t\t<div class=\"e-con-inner\">\n\t\t<div class=\"elementor-element elementor-element-f326522 e-con-full e-flex e-con e-child\" data-id=\"f326522\" data-element_type=\"container\" data-e-type=\"container\" data-settings=\"{&quot;background_background&quot;:&quot;classic&quot;}\">\n\t\t\t\t<div class=\"elementor-element elementor-element-c56d883 elementor-widget elementor-widget-text-editor\" data-id=\"c56d883\" data-element_type=\"widget\" data-e-type=\"widget\" data-widget_type=\"text-editor.default\">\n\t\t\t\t\t\t\t\t\t<p>Les partenaires du PCC, avec l\u2019implication active de l\u2019ensemble des acteurs du Plan, collaboreront d\u00e8s le lancement du PITER+ \u00e0 l\u2019\u00e9laboration d\u2019une strat\u00e9gie de capitalisation et de diffusion des r\u00e9sultats et des bonnes pratiques, afin de valoriser et de p\u00e9renniser les effets du projet sur le territoire.<\/p>\t\t\t\t\t\t\t\t<\/div>\n\t\t\t\t<div class=\"elementor-element elementor-element-c6f2d26 elementor-widget-divider--view-line elementor-widget elementor-widget-divider\" data-id=\"c6f2d26\" data-element_type=\"widget\" data-e-type=\"widget\" data-widget_type=\"divider.default\">\n\t\t\t\t\t\t\t<div class=\"elementor-divider\">\n\t\t\t<span class=\"elementor-divider-separator\">\n\t\t\t\t\t\t<\/span>\n\t\t<\/div>\n\t\t\t\t\t\t<\/div>\n\t\t\t\t<div class=\"elementor-element elementor-element-dcbb70d elementor-widget elementor-widget-text-editor\" data-id=\"dcbb70d\" data-element_type=\"widget\" data-e-type=\"widget\" data-widget_type=\"text-editor.default\">\n\t\t\t\t\t\t\t\t\t<p>La gouvernance du PCC est assur\u00e9e par cinq partenaires : la Ville m\u00e9tropolitaine de Turin, en tant que chef de file, le D\u00e9partement de la Savoie, la Communaut\u00e9 de communes C\u0153ur de Savoie, l\u2019Unit\u00e9 des Communes vald\u00f4taines Grand-Paradis et le GAL Valli del Canavese, qui garantissent ensemble une approche partag\u00e9e et transfrontali\u00e8re de la gestion des activit\u00e9s.<\/p>\t\t\t\t\t\t\t\t<\/div>\n\t\t\t\t<\/div>\n\t\t\t\t\t<\/div>\n\t\t\t\t<\/div>\n\t\t\t\t\t<\/div>\n\t\t\t\t<\/div>\n\t\t<div class=\"elementor-element elementor-element-f2cfcb5 e-flex e-con-boxed e-con e-parent\" data-id=\"f2cfcb5\" data-element_type=\"container\" data-e-type=\"container\">\n\t\t\t\t\t<div class=\"e-con-inner\">\n\t\t<div class=\"elementor-element elementor-element-273616d e-con-full e-flex e-con e-child\" data-id=\"273616d\" data-element_type=\"container\" data-e-type=\"container\" data-settings=\"{&quot;background_background&quot;:&quot;classic&quot;}\">\n\t\t<div class=\"elementor-element elementor-element-e4d2fe1 e-con-full e-flex e-con e-child\" data-id=\"e4d2fe1\" data-element_type=\"container\" data-e-type=\"container\" data-settings=\"{&quot;background_background&quot;:&quot;classic&quot;}\">\n\t\t\t\t<div class=\"elementor-element elementor-element-317f6f9 elementor-widget elementor-widget-heading\" data-id=\"317f6f9\" data-element_type=\"widget\" data-e-type=\"widget\" data-widget_type=\"heading.default\">\n\t\t\t\t\t<h2 class=\"elementor-heading-title elementor-size-default\">712.499,38<\/h2>\t\t\t\t<\/div>\n\t\t\t\t<div class=\"elementor-element elementor-element-57268cc elementor-widget elementor-widget-text-editor\" data-id=\"57268cc\" data-element_type=\"widget\" data-e-type=\"widget\" data-widget_type=\"text-editor.default\">\n\t\t\t\t\t\t\t\t\t<p>Budget total<\/p>\t\t\t\t\t\t\t\t<\/div>\n\t\t\t\t<div class=\"elementor-element elementor-element-f81f3d0 elementor-widget elementor-widget-image\" data-id=\"f81f3d0\" data-element_type=\"widget\" data-e-type=\"widget\" data-widget_type=\"image.default\">\n\t\t\t\t\t\t\t\t\t\t\t\t\t\t\t<img decoding=\"async\" width=\"159\" height=\"159\" src=\"https:\/\/www.graiesclimalab.eu\/wp-content\/uploads\/2025\/10\/Euro-icona.svg\" class=\"attachment-full size-full wp-image-1566\" alt=\"\" \/>\t\t\t\t\t\t\t\t\t\t\t\t\t\t\t<\/div>\n\t\t\t\t<\/div>\n\t\t<div class=\"elementor-element elementor-element-8bebfc6 e-con-full e-flex e-con e-child\" data-id=\"8bebfc6\" data-element_type=\"container\" data-e-type=\"container\" data-settings=\"{&quot;background_background&quot;:&quot;classic&quot;}\">\n\t\t\t\t<div class=\"elementor-element elementor-element-13b9931 elementor-widget elementor-widget-heading\" data-id=\"13b9931\" data-element_type=\"widget\" data-e-type=\"widget\" data-widget_type=\"heading.default\">\n\t\t\t\t\t<h2 class=\"elementor-heading-title elementor-size-default\">569.999.50<\/h2>\t\t\t\t<\/div>\n\t\t\t\t<div class=\"elementor-element elementor-element-3c2bb3d elementor-widget elementor-widget-text-editor\" data-id=\"3c2bb3d\" data-element_type=\"widget\" data-e-type=\"widget\" data-widget_type=\"text-editor.default\">\n\t\t\t\t\t\t\t\t\t<p>Budget FEDER<\/p>\t\t\t\t\t\t\t\t<\/div>\n\t\t\t\t<div class=\"elementor-element elementor-element-af2f87e elementor-widget elementor-widget-image\" data-id=\"af2f87e\" data-element_type=\"widget\" data-e-type=\"widget\" data-widget_type=\"image.default\">\n\t\t\t\t\t\t\t\t\t\t\t\t\t\t\t<img decoding=\"async\" width=\"159\" height=\"159\" src=\"https:\/\/www.graiesclimalab.eu\/wp-content\/uploads\/2025\/10\/Euro-icona.svg\" class=\"attachment-full size-full wp-image-1566\" alt=\"\" \/>\t\t\t\t\t\t\t\t\t\t\t\t\t\t\t<\/div>\n\t\t\t\t<\/div>\n\t\t<div class=\"elementor-element elementor-element-685216c e-con-full e-flex e-con e-child\" data-id=\"685216c\" data-element_type=\"container\" data-e-type=\"container\" data-settings=\"{&quot;background_background&quot;:&quot;classic&quot;}\">\n\t\t\t\t<div class=\"elementor-element elementor-element-c906524 elementor-widget elementor-widget-heading\" data-id=\"c906524\" data-element_type=\"widget\" data-e-type=\"widget\" data-widget_type=\"heading.default\">\n\t\t\t\t\t<h2 class=\"elementor-heading-title elementor-size-default\">09\/2024 - 09\/2028<\/h2>\t\t\t\t<\/div>\n\t\t\t\t<div class=\"elementor-element elementor-element-80d7564 elementor-widget elementor-widget-text-editor\" data-id=\"80d7564\" data-element_type=\"widget\" data-e-type=\"widget\" data-widget_type=\"text-editor.default\">\n\t\t\t\t\t\t\t\t\t<p>Dur\u00e9e du projet<\/p>\t\t\t\t\t\t\t\t<\/div>\n\t\t\t\t<div class=\"elementor-element elementor-element-96b224a elementor-widget elementor-widget-image\" data-id=\"96b224a\" data-element_type=\"widget\" data-e-type=\"widget\" data-widget_type=\"image.default\">\n\t\t\t\t\t\t\t\t\t\t\t\t\t\t\t<img decoding=\"async\" width=\"139\" height=\"156\" src=\"https:\/\/www.graiesclimalab.eu\/wp-content\/uploads\/2025\/10\/cronometro-icona.svg\" class=\"attachment-full size-full wp-image-1567\" alt=\"\" \/>\t\t\t\t\t\t\t\t\t\t\t\t\t\t\t<\/div>\n\t\t\t\t<\/div>\n\t\t\t\t<\/div>\n\t\t\t\t\t<\/div>\n\t\t\t\t<\/div>\n\t\t<div class=\"elementor-element elementor-element-d61b156 e-flex e-con-boxed e-con e-parent\" data-id=\"d61b156\" data-element_type=\"container\" data-e-type=\"container\">\n\t\t\t\t\t<div class=\"e-con-inner\">\n\t\t<div class=\"elementor-element elementor-element-8c346e8 e-con-full e-flex e-con e-child\" data-id=\"8c346e8\" data-element_type=\"container\" data-e-type=\"container\" data-settings=\"{&quot;background_background&quot;:&quot;classic&quot;}\">\n\t\t\t\t<div class=\"elementor-element elementor-element-f977058 elementor-view-default elementor-widget elementor-widget-icon\" data-id=\"f977058\" data-element_type=\"widget\" data-e-type=\"widget\" data-widget_type=\"icon.default\">\n\t\t\t\t\t\t\t<div class=\"elementor-icon-wrapper\">\n\t\t\t<a class=\"elementor-icon\" href=\"mailto:chiara.ambrogini@cittametropolitana.torino.it\">\n\t\t\t<svg aria-hidden=\"true\" class=\"e-font-icon-svg e-fas-envelope\" viewBox=\"0 0 512 512\" xmlns=\"http:\/\/www.w3.org\/2000\/svg\"><path d=\"M502.3 190.8c3.9-3.1 9.7-.2 9.7 4.7V400c0 26.5-21.5 48-48 48H48c-26.5 0-48-21.5-48-48V195.6c0-5 5.7-7.8 9.7-4.7 22.4 17.4 52.1 39.5 154.1 113.6 21.1 15.4 56.7 47.8 92.2 47.6 35.7.3 72-32.8 92.3-47.6 102-74.1 131.6-96.3 154-113.7zM256 320c23.2.4 56.6-29.2 73.4-41.4 132.7-96.3 142.8-104.7 173.4-128.7 5.8-4.5 9.2-11.5 9.2-18.9v-19c0-26.5-21.5-48-48-48H48C21.5 64 0 85.5 0 112v19c0 7.4 3.4 14.3 9.2 18.9 30.6 23.9 40.7 32.4 173.4 128.7 16.8 12.2 50.2 41.8 73.4 41.4z\"><\/path><\/svg>\t\t\t<\/a>\n\t\t<\/div>\n\t\t\t\t\t\t<\/div>\n\t\t\t\t<div class=\"elementor-element elementor-element-2d37c5b elementor-align-center elementor-widget elementor-widget-button\" data-id=\"2d37c5b\" data-element_type=\"widget\" data-e-type=\"widget\" data-widget_type=\"button.default\">\n\t\t\t\t\t\t\t\t\t\t<a class=\"elementor-button elementor-button-link elementor-size-sm\" href=\"mailto:chiara.ambrogini@cittametropolitana.torino.it\">\n\t\t\t\t\t\t<span class=\"elementor-button-content-wrapper\">\n\t\t\t\t\t\t<span class=\"elementor-button-icon\">\n\t\t\t\t<svg aria-hidden=\"true\" class=\"e-font-icon-svg e-fas-arrow-right\" viewBox=\"0 0 448 512\" xmlns=\"http:\/\/www.w3.org\/2000\/svg\"><path d=\"M190.5 66.9l22.2-22.2c9.4-9.4 24.6-9.4 33.9 0L441 239c9.4 9.4 9.4 24.6 0 33.9L246.6 467.3c-9.4 9.4-24.6 9.4-33.9 0l-22.2-22.2c-9.5-9.5-9.3-25 .4-34.3L311.4 296H24c-13.3 0-24-10.7-24-24v-32c0-13.3 10.7-24 24-24h287.4L190.9 101.2c-9.8-9.3-10-24.8-.4-34.3z\"><\/path><\/svg>\t\t\t<\/span>\n\t\t\t\t\t\t\t\t\t<span class=\"elementor-button-text\">chiara.ambrogini@cittametropolitana.torino.it<\/span>\n\t\t\t\t\t<\/span>\n\t\t\t\t\t<\/a>\n\t\t\t\t\t\t\t\t<\/div>\n\t\t\t\t<\/div>\n\t\t\t\t\t<\/div>\n\t\t\t\t<\/div>\n\t\t\t\t<\/div>\n\t\t","protected":false},"excerpt":{"rendered":"<p>PCC Projet de Coordination et de Communication Le Projet de Coordination et de Communication (PCC), actif du 2 septembre 2024 au 2 septembre 2028, a pour objectif g\u00e9n\u00e9ral d\u2019assurer la bonne mise en \u0153uvre de la strat\u00e9gie territoriale int\u00e9gr\u00e9e du PITER+ GRAIES ClimaLab. Le projet d\u00e9veloppe des actions transversales et int\u00e9gr\u00e9es, structur\u00e9es autour de trois [&hellip;]<\/p>\n","protected":false},"author":1,"featured_media":1660,"parent":1640,"menu_order":0,"comment_status":"closed","ping_status":"closed","template":"","meta":{"_acf_changed":false,"footnotes":""},"class_list":["post-1697","page","type-page","status-publish","has-post-thumbnail","hentry"],"acf":[],"yoast_head":"<!-- This site is optimized with the Yoast SEO plugin v27.5 - https:\/\/yoast.com\/product\/yoast-seo-wordpress\/ -->\n<title>Projet PCC - Graies Clima Lab<\/title>\n<meta name=\"robots\" content=\"index, follow, max-snippet:-1, max-image-preview:large, max-video-preview:-1\" \/>\n<link rel=\"canonical\" href=\"https:\/\/www.graiesclimalab.eu\/fr\/projets\/projet-pcc\/\" \/>\n<meta property=\"og:locale\" content=\"fr_FR\" \/>\n<meta property=\"og:type\" content=\"article\" \/>\n<meta property=\"og:title\" content=\"Projet PCC - Graies Clima Lab\" \/>\n<meta property=\"og:description\" content=\"PCC Projet de Coordination et de Communication Le Projet de Coordination et de Communication (PCC), actif du 2 septembre 2024 au 2 septembre 2028, a pour objectif g\u00e9n\u00e9ral d\u2019assurer la bonne mise en \u0153uvre de la strat\u00e9gie territoriale int\u00e9gr\u00e9e du PITER+ GRAIES ClimaLab. Le projet d\u00e9veloppe des actions transversales et int\u00e9gr\u00e9es, structur\u00e9es autour de trois [&hellip;]\" \/>\n<meta property=\"og:url\" content=\"https:\/\/www.graiesclimalab.eu\/fr\/projets\/projet-pcc\/\" \/>\n<meta property=\"og:site_name\" content=\"Graies Clima Lab\" \/>\n<meta property=\"article:publisher\" content=\"https:\/\/www.facebook.com\/CittaMetroTO\" \/>\n<meta property=\"article:modified_time\" content=\"2026-02-04T09:04:55+00:00\" \/>\n<meta property=\"og:image\" content=\"https:\/\/www.graiesclimalab.eu\/wp-content\/uploads\/2025\/11\/pcc-1024x683.jpg\" \/>\n\t<meta property=\"og:image:width\" content=\"1024\" \/>\n\t<meta property=\"og:image:height\" content=\"683\" \/>\n\t<meta property=\"og:image:type\" content=\"image\/jpeg\" \/>\n<meta name=\"twitter:card\" content=\"summary_large_image\" \/>\n<meta name=\"twitter:label1\" content=\"Dur\u00e9e de lecture estim\u00e9e\" \/>\n\t<meta name=\"twitter:data1\" content=\"3 minutes\" \/>\n<script type=\"application\/ld+json\" class=\"yoast-schema-graph\">{\"@context\":\"https:\\\/\\\/schema.org\",\"@graph\":[{\"@type\":\"WebPage\",\"@id\":\"https:\\\/\\\/www.graiesclimalab.eu\\\/fr\\\/projets\\\/projet-pcc\\\/\",\"url\":\"https:\\\/\\\/www.graiesclimalab.eu\\\/fr\\\/projets\\\/projet-pcc\\\/\",\"name\":\"Projet PCC - Graies Clima Lab\",\"isPartOf\":{\"@id\":\"https:\\\/\\\/www.graiesclimalab.eu\\\/fr\\\/#website\"},\"primaryImageOfPage\":{\"@id\":\"https:\\\/\\\/www.graiesclimalab.eu\\\/fr\\\/projets\\\/projet-pcc\\\/#primaryimage\"},\"image\":{\"@id\":\"https:\\\/\\\/www.graiesclimalab.eu\\\/fr\\\/projets\\\/projet-pcc\\\/#primaryimage\"},\"thumbnailUrl\":\"https:\\\/\\\/www.graiesclimalab.eu\\\/wp-content\\\/uploads\\\/2025\\\/11\\\/pcc.jpg\",\"datePublished\":\"2025-11-21T13:45:41+00:00\",\"dateModified\":\"2026-02-04T09:04:55+00:00\",\"breadcrumb\":{\"@id\":\"https:\\\/\\\/www.graiesclimalab.eu\\\/fr\\\/projets\\\/projet-pcc\\\/#breadcrumb\"},\"inLanguage\":\"fr-FR\",\"potentialAction\":[{\"@type\":\"ReadAction\",\"target\":[\"https:\\\/\\\/www.graiesclimalab.eu\\\/fr\\\/projets\\\/projet-pcc\\\/\"]}]},{\"@type\":\"ImageObject\",\"inLanguage\":\"fr-FR\",\"@id\":\"https:\\\/\\\/www.graiesclimalab.eu\\\/fr\\\/projets\\\/projet-pcc\\\/#primaryimage\",\"url\":\"https:\\\/\\\/www.graiesclimalab.eu\\\/wp-content\\\/uploads\\\/2025\\\/11\\\/pcc.jpg\",\"contentUrl\":\"https:\\\/\\\/www.graiesclimalab.eu\\\/wp-content\\\/uploads\\\/2025\\\/11\\\/pcc.jpg\",\"width\":2500,\"height\":1667},{\"@type\":\"BreadcrumbList\",\"@id\":\"https:\\\/\\\/www.graiesclimalab.eu\\\/fr\\\/projets\\\/projet-pcc\\\/#breadcrumb\",\"itemListElement\":[{\"@type\":\"ListItem\",\"position\":1,\"name\":\"Home\",\"item\":\"https:\\\/\\\/www.graiesclimalab.eu\\\/fr\\\/home\\\/\"},{\"@type\":\"ListItem\",\"position\":2,\"name\":\"Projets\",\"item\":\"https:\\\/\\\/www.graiesclimalab.eu\\\/fr\\\/projets\\\/\"},{\"@type\":\"ListItem\",\"position\":3,\"name\":\"Projet PCC\"}]},{\"@type\":\"WebSite\",\"@id\":\"https:\\\/\\\/www.graiesclimalab.eu\\\/fr\\\/#website\",\"url\":\"https:\\\/\\\/www.graiesclimalab.eu\\\/fr\\\/\",\"name\":\"Graies Clima Lab\",\"description\":\"\",\"publisher\":{\"@id\":\"https:\\\/\\\/www.graiesclimalab.eu\\\/fr\\\/#organization\"},\"potentialAction\":[{\"@type\":\"SearchAction\",\"target\":{\"@type\":\"EntryPoint\",\"urlTemplate\":\"https:\\\/\\\/www.graiesclimalab.eu\\\/fr\\\/?s={search_term_string}\"},\"query-input\":{\"@type\":\"PropertyValueSpecification\",\"valueRequired\":true,\"valueName\":\"search_term_string\"}}],\"inLanguage\":\"fr-FR\"},{\"@type\":\"Organization\",\"@id\":\"https:\\\/\\\/www.graiesclimalab.eu\\\/fr\\\/#organization\",\"name\":\"Graies Clima Lab\",\"url\":\"https:\\\/\\\/www.graiesclimalab.eu\\\/fr\\\/\",\"logo\":{\"@type\":\"ImageObject\",\"inLanguage\":\"fr-FR\",\"@id\":\"https:\\\/\\\/www.graiesclimalab.eu\\\/fr\\\/#\\\/schema\\\/logo\\\/image\\\/\",\"url\":\"https:\\\/\\\/www.graiesclimalab.eu\\\/wp-content\\\/uploads\\\/2025\\\/09\\\/logo-graies-interreg.png\",\"contentUrl\":\"https:\\\/\\\/www.graiesclimalab.eu\\\/wp-content\\\/uploads\\\/2025\\\/09\\\/logo-graies-interreg.png\",\"width\":640,\"height\":120,\"caption\":\"Graies Clima Lab\"},\"image\":{\"@id\":\"https:\\\/\\\/www.graiesclimalab.eu\\\/fr\\\/#\\\/schema\\\/logo\\\/image\\\/\"},\"sameAs\":[\"https:\\\/\\\/www.facebook.com\\\/CittaMetroTO\",\"https:\\\/\\\/www.instagram.com\\\/cittametroto\\\/\"]}]}<\/script>\n<!-- \/ Yoast SEO plugin. -->","yoast_head_json":{"title":"Projet PCC - Graies Clima Lab","robots":{"index":"index","follow":"follow","max-snippet":"max-snippet:-1","max-image-preview":"max-image-preview:large","max-video-preview":"max-video-preview:-1"},"canonical":"https:\/\/www.graiesclimalab.eu\/fr\/projets\/projet-pcc\/","og_locale":"fr_FR","og_type":"article","og_title":"Projet PCC - Graies Clima Lab","og_description":"PCC Projet de Coordination et de Communication Le Projet de Coordination et de Communication (PCC), actif du 2 septembre 2024 au 2 septembre 2028, a pour objectif g\u00e9n\u00e9ral d\u2019assurer la bonne mise en \u0153uvre de la strat\u00e9gie territoriale int\u00e9gr\u00e9e du PITER+ GRAIES ClimaLab. Le projet d\u00e9veloppe des actions transversales et int\u00e9gr\u00e9es, structur\u00e9es autour de trois [&hellip;]","og_url":"https:\/\/www.graiesclimalab.eu\/fr\/projets\/projet-pcc\/","og_site_name":"Graies Clima Lab","article_publisher":"https:\/\/www.facebook.com\/CittaMetroTO","article_modified_time":"2026-02-04T09:04:55+00:00","og_image":[{"width":1024,"height":683,"url":"https:\/\/www.graiesclimalab.eu\/wp-content\/uploads\/2025\/11\/pcc-1024x683.jpg","type":"image\/jpeg"}],"twitter_card":"summary_large_image","twitter_misc":{"Dur\u00e9e de lecture estim\u00e9e":"3 minutes"},"schema":{"@context":"https:\/\/schema.org","@graph":[{"@type":"WebPage","@id":"https:\/\/www.graiesclimalab.eu\/fr\/projets\/projet-pcc\/","url":"https:\/\/www.graiesclimalab.eu\/fr\/projets\/projet-pcc\/","name":"Projet PCC - Graies Clima Lab","isPartOf":{"@id":"https:\/\/www.graiesclimalab.eu\/fr\/#website"},"primaryImageOfPage":{"@id":"https:\/\/www.graiesclimalab.eu\/fr\/projets\/projet-pcc\/#primaryimage"},"image":{"@id":"https:\/\/www.graiesclimalab.eu\/fr\/projets\/projet-pcc\/#primaryimage"},"thumbnailUrl":"https:\/\/www.graiesclimalab.eu\/wp-content\/uploads\/2025\/11\/pcc.jpg","datePublished":"2025-11-21T13:45:41+00:00","dateModified":"2026-02-04T09:04:55+00:00","breadcrumb":{"@id":"https:\/\/www.graiesclimalab.eu\/fr\/projets\/projet-pcc\/#breadcrumb"},"inLanguage":"fr-FR","potentialAction":[{"@type":"ReadAction","target":["https:\/\/www.graiesclimalab.eu\/fr\/projets\/projet-pcc\/"]}]},{"@type":"ImageObject","inLanguage":"fr-FR","@id":"https:\/\/www.graiesclimalab.eu\/fr\/projets\/projet-pcc\/#primaryimage","url":"https:\/\/www.graiesclimalab.eu\/wp-content\/uploads\/2025\/11\/pcc.jpg","contentUrl":"https:\/\/www.graiesclimalab.eu\/wp-content\/uploads\/2025\/11\/pcc.jpg","width":2500,"height":1667},{"@type":"BreadcrumbList","@id":"https:\/\/www.graiesclimalab.eu\/fr\/projets\/projet-pcc\/#breadcrumb","itemListElement":[{"@type":"ListItem","position":1,"name":"Home","item":"https:\/\/www.graiesclimalab.eu\/fr\/home\/"},{"@type":"ListItem","position":2,"name":"Projets","item":"https:\/\/www.graiesclimalab.eu\/fr\/projets\/"},{"@type":"ListItem","position":3,"name":"Projet PCC"}]},{"@type":"WebSite","@id":"https:\/\/www.graiesclimalab.eu\/fr\/#website","url":"https:\/\/www.graiesclimalab.eu\/fr\/","name":"Graies Clima Lab","description":"","publisher":{"@id":"https:\/\/www.graiesclimalab.eu\/fr\/#organization"},"potentialAction":[{"@type":"SearchAction","target":{"@type":"EntryPoint","urlTemplate":"https:\/\/www.graiesclimalab.eu\/fr\/?s={search_term_string}"},"query-input":{"@type":"PropertyValueSpecification","valueRequired":true,"valueName":"search_term_string"}}],"inLanguage":"fr-FR"},{"@type":"Organization","@id":"https:\/\/www.graiesclimalab.eu\/fr\/#organization","name":"Graies Clima Lab","url":"https:\/\/www.graiesclimalab.eu\/fr\/","logo":{"@type":"ImageObject","inLanguage":"fr-FR","@id":"https:\/\/www.graiesclimalab.eu\/fr\/#\/schema\/logo\/image\/","url":"https:\/\/www.graiesclimalab.eu\/wp-content\/uploads\/2025\/09\/logo-graies-interreg.png","contentUrl":"https:\/\/www.graiesclimalab.eu\/wp-content\/uploads\/2025\/09\/logo-graies-interreg.png","width":640,"height":120,"caption":"Graies Clima Lab"},"image":{"@id":"https:\/\/www.graiesclimalab.eu\/fr\/#\/schema\/logo\/image\/"},"sameAs":["https:\/\/www.facebook.com\/CittaMetroTO","https:\/\/www.instagram.com\/cittametroto\/"]}]}},"_links":{"self":[{"href":"https:\/\/www.graiesclimalab.eu\/fr\/wp-json\/wp\/v2\/pages\/1697","targetHints":{"allow":["GET"]}}],"collection":[{"href":"https:\/\/www.graiesclimalab.eu\/fr\/wp-json\/wp\/v2\/pages"}],"about":[{"href":"https:\/\/www.graiesclimalab.eu\/fr\/wp-json\/wp\/v2\/types\/page"}],"author":[{"embeddable":true,"href":"https:\/\/www.graiesclimalab.eu\/fr\/wp-json\/wp\/v2\/users\/1"}],"replies":[{"embeddable":true,"href":"https:\/\/www.graiesclimalab.eu\/fr\/wp-json\/wp\/v2\/comments?post=1697"}],"version-history":[{"count":6,"href":"https:\/\/www.graiesclimalab.eu\/fr\/wp-json\/wp\/v2\/pages\/1697\/revisions"}],"predecessor-version":[{"id":1950,"href":"https:\/\/www.graiesclimalab.eu\/fr\/wp-json\/wp\/v2\/pages\/1697\/revisions\/1950"}],"up":[{"embeddable":true,"href":"https:\/\/www.graiesclimalab.eu\/fr\/wp-json\/wp\/v2\/pages\/1640"}],"wp:featuredmedia":[{"embeddable":true,"href":"https:\/\/www.graiesclimalab.eu\/fr\/wp-json\/wp\/v2\/media\/1660"}],"wp:attachment":[{"href":"https:\/\/www.graiesclimalab.eu\/fr\/wp-json\/wp\/v2\/media?parent=1697"}],"curies":[{"name":"wp","href":"https:\/\/api.w.org\/{rel}","templated":true}]}}