{"id":1728,"date":"2026-01-28T12:25:11","date_gmt":"2026-01-28T11:25:11","guid":{"rendered":"https:\/\/www.graiesclimalab.eu\/piter-2014-2020\/projet-graies-lab-pcc\/"},"modified":"2026-02-04T10:23:38","modified_gmt":"2026-02-04T09:23:38","slug":"projet-graies-lab-pcc","status":"publish","type":"page","link":"https:\/\/www.graiesclimalab.eu\/fr\/piter-2014-2020\/projet-graies-lab-pcc\/","title":{"rendered":"Projet GRAIES Lab PCC"},"content":{"rendered":"\t\t<div data-elementor-type=\"wp-page\" data-elementor-id=\"1728\" class=\"elementor elementor-1728 elementor-1385\" data-elementor-post-type=\"page\">\n\t\t\t\t<div class=\"elementor-element elementor-element-d789c81 e-flex e-con-boxed e-con e-parent\" data-id=\"d789c81\" data-element_type=\"container\" data-e-type=\"container\" data-settings=\"{&quot;background_background&quot;:&quot;classic&quot;}\">\n\t\t\t\t\t<div class=\"e-con-inner\">\n\t\t<div class=\"elementor-element elementor-element-c158029 e-con-full e-flex e-con e-child\" data-id=\"c158029\" data-element_type=\"container\" data-e-type=\"container\" data-settings=\"{&quot;background_background&quot;:&quot;classic&quot;}\">\n\t\t<div class=\"elementor-element elementor-element-02d2f8e e-con-full e-flex e-con e-child\" data-id=\"02d2f8e\" data-element_type=\"container\" data-e-type=\"container\" data-settings=\"{&quot;background_background&quot;:&quot;classic&quot;}\">\n\t\t\t\t<div class=\"elementor-element elementor-element-ef97d0a elementor-widget elementor-widget-heading\" data-id=\"ef97d0a\" data-element_type=\"widget\" data-e-type=\"widget\" data-widget_type=\"heading.default\">\n\t\t\t\t\t<h1 class=\"elementor-heading-title elementor-size-default\">GRAIES Lab PCC<\/h1>\t\t\t\t<\/div>\n\t\t\t\t<div class=\"elementor-element elementor-element-ca55089 elementor-widget elementor-widget-heading\" data-id=\"ca55089\" data-element_type=\"widget\" data-e-type=\"widget\" data-widget_type=\"heading.default\">\n\t\t\t\t\t<h1 class=\"elementor-heading-title elementor-size-default\">Projet de Coordination et de Communication<\/h1>\t\t\t\t<\/div>\n\t\t\t\t<div class=\"elementor-element elementor-element-3b957f2 elementor-widget elementor-widget-text-editor\" data-id=\"3b957f2\" data-element_type=\"widget\" data-e-type=\"widget\" data-widget_type=\"text-editor.default\">\n\t\t\t\t\t\t\t\t\t<p>L\u2019objectif du PCC est de garantir une gouvernance transfrontali\u00e8re efficace et durable, en renfor\u00e7ant la capacit\u00e9 des partenaires \u00e0 coordonner, communiquer et valoriser les actions du PITER GRAIES Lab sur le territoire, avec la participation active des acteurs locaux.<\/p>\t\t\t\t\t\t\t\t<\/div>\n\t\t<div class=\"elementor-element elementor-element-d06689a e-con-full e-flex e-con e-child\" data-id=\"d06689a\" data-element_type=\"container\" data-e-type=\"container\" data-settings=\"{&quot;background_background&quot;:&quot;classic&quot;}\">\n\t\t\t\t<div class=\"elementor-element elementor-element-68757ff elementor-widget elementor-widget-heading\" data-id=\"68757ff\" data-element_type=\"widget\" data-e-type=\"widget\" data-widget_type=\"heading.default\">\n\t\t\t\t\t<h2 class=\"elementor-heading-title elementor-size-default\">Partenariat<\/h2>\t\t\t\t<\/div>\n\t\t\t\t<div class=\"elementor-element elementor-element-7121755 elementor-widget elementor-widget-text-editor\" data-id=\"7121755\" data-element_type=\"widget\" data-e-type=\"widget\" data-widget_type=\"text-editor.default\">\n\t\t\t\t\t\t\t\t\t<ul><li>Citta Metropolitana di Torino (Chef de file)<\/li><li><span style=\"color: #999999;\">Camera di Commercio Industria Artigianato \u2028e Agricoltura di Torino<\/span><\/li><li><span style=\"color: #999999;\">Federazione provinciale Coldiretti di Torino<\/span><\/li><li>GAL Valli del Canavese<\/li><li><span style=\"color: #999999;\">GAL Valli di Lanzo Ceronda e Casternone<\/span><\/li><li><span style=\"color: #999999;\">Unit\u00e9 des Communes Valdotaines Grand-Paradis<\/span><\/li><li><span style=\"color: #999999;\">Conseil D\u00e9partemental de Savoie<\/span><\/li><li><span style=\"color: #999999;\">Communaut\u00e9 d\u2019Agglom\u00e8ration Arlys\u00e8re<\/span><\/li><li>Communaut\u00e9 des Communes Coeur de Savoie<\/li><li>Syndicat Mixte de l\u2019Avant Pays Savoyard<\/li><\/ul>\t\t\t\t\t\t\t\t<\/div>\n\t\t\t\t<\/div>\n\t\t\t\t<\/div>\n\t\t\t\t<\/div>\n\t\t<div class=\"elementor-element elementor-element-71578bf e-con-full e-flex e-con e-child\" data-id=\"71578bf\" data-element_type=\"container\" data-e-type=\"container\" data-settings=\"{&quot;background_background&quot;:&quot;classic&quot;}\">\n\t\t<div class=\"elementor-element elementor-element-8e442a7 e-con-full e-flex e-con e-child\" data-id=\"8e442a7\" data-element_type=\"container\" data-e-type=\"container\" data-settings=\"{&quot;background_background&quot;:&quot;classic&quot;}\">\n\t\t\t\t<div class=\"elementor-element elementor-element-3d845f8 elementor-widget elementor-widget-heading\" data-id=\"3d845f8\" data-element_type=\"widget\" data-e-type=\"widget\" data-widget_type=\"heading.default\">\n\t\t\t\t\t<h2 class=\"elementor-heading-title elementor-size-default\">DEBUT DES ACTIVITES<\/h2>\t\t\t\t<\/div>\n\t\t\t\t<div class=\"elementor-element elementor-element-9ad4df6 elementor-widget elementor-widget-text-editor\" data-id=\"9ad4df6\" data-element_type=\"widget\" data-e-type=\"widget\" data-widget_type=\"text-editor.default\">\n\t\t\t\t\t\t\t\t\t<p>01\/03\/2018<\/p>\t\t\t\t\t\t\t\t<\/div>\n\t\t\t\t<\/div>\n\t\t<div class=\"elementor-element elementor-element-2f5a4ee e-con-full e-flex e-con e-child\" data-id=\"2f5a4ee\" data-element_type=\"container\" data-e-type=\"container\" data-settings=\"{&quot;background_background&quot;:&quot;classic&quot;}\">\n\t\t\t\t<div class=\"elementor-element elementor-element-5e93577 elementor-widget elementor-widget-heading\" data-id=\"5e93577\" data-element_type=\"widget\" data-e-type=\"widget\" data-widget_type=\"heading.default\">\n\t\t\t\t\t<h2 class=\"elementor-heading-title elementor-size-default\">FIN DES ACTIVIT\u00c9S<\/h2>\t\t\t\t<\/div>\n\t\t\t\t<div class=\"elementor-element elementor-element-6880bcc elementor-widget elementor-widget-text-editor\" data-id=\"6880bcc\" data-element_type=\"widget\" data-e-type=\"widget\" data-widget_type=\"text-editor.default\">\n\t\t\t\t\t\t\t\t\t<p>31\/03\/2023<\/p>\t\t\t\t\t\t\t\t<\/div>\n\t\t\t\t<div class=\"elementor-element elementor-element-a249e71 elementor-widget elementor-widget-text-editor\" data-id=\"a249e71\" data-element_type=\"widget\" data-e-type=\"widget\" data-widget_type=\"text-editor.default\">\n\t\t\t\t\t\t\t\t\t<p>(avec prolongation)<\/p>\t\t\t\t\t\t\t\t<\/div>\n\t\t\t\t<\/div>\n\t\t<div class=\"elementor-element elementor-element-228672f e-con-full e-flex e-con e-child\" data-id=\"228672f\" data-element_type=\"container\" data-e-type=\"container\" data-settings=\"{&quot;background_background&quot;:&quot;classic&quot;}\">\n\t\t\t\t<div class=\"elementor-element elementor-element-263c18b elementor-widget elementor-widget-heading\" data-id=\"263c18b\" data-element_type=\"widget\" data-e-type=\"widget\" data-widget_type=\"heading.default\">\n\t\t\t\t\t<h2 class=\"elementor-heading-title elementor-size-default\">DUREE<\/h2>\t\t\t\t<\/div>\n\t\t\t\t<div class=\"elementor-element elementor-element-fa03aab elementor-widget elementor-widget-text-editor\" data-id=\"fa03aab\" data-element_type=\"widget\" data-e-type=\"widget\" data-widget_type=\"text-editor.default\">\n\t\t\t\t\t\t\t\t\t<p>54 mois<\/p>\t\t\t\t\t\t\t\t<\/div>\n\t\t\t\t<\/div>\n\t\t<div class=\"elementor-element elementor-element-ba37dd7 e-con-full e-flex e-con e-child\" data-id=\"ba37dd7\" data-element_type=\"container\" data-e-type=\"container\" data-settings=\"{&quot;background_background&quot;:&quot;classic&quot;}\">\n\t\t\t\t<div class=\"elementor-element elementor-element-5b49a9b elementor-widget elementor-widget-heading\" data-id=\"5b49a9b\" data-element_type=\"widget\" data-e-type=\"widget\" data-widget_type=\"heading.default\">\n\t\t\t\t\t<h2 class=\"elementor-heading-title elementor-size-default\">BUDGET<\/h2>\t\t\t\t<\/div>\n\t\t\t\t<div class=\"elementor-element elementor-element-f87b9eb elementor-widget elementor-widget-text-editor\" data-id=\"f87b9eb\" data-element_type=\"widget\" data-e-type=\"widget\" data-widget_type=\"text-editor.default\">\n\t\t\t\t\t\t\t\t\t<p>476.470,59 \u20ac<\/p>\t\t\t\t\t\t\t\t<\/div>\n\t\t\t\t<\/div>\n\t\t\t\t<\/div>\n\t\t\t\t<div class=\"elementor-element elementor-element-7b3513d elementor-widget-divider--view-line elementor-widget elementor-widget-divider\" data-id=\"7b3513d\" data-element_type=\"widget\" data-e-type=\"widget\" data-widget_type=\"divider.default\">\n\t\t\t\t\t\t\t<div class=\"elementor-divider\">\n\t\t\t<span class=\"elementor-divider-separator\">\n\t\t\t\t\t\t<\/span>\n\t\t<\/div>\n\t\t\t\t\t\t<\/div>\n\t\t<div class=\"elementor-element elementor-element-67dbbf5 e-con-full e-flex e-con e-child\" data-id=\"67dbbf5\" data-element_type=\"container\" data-e-type=\"container\" data-settings=\"{&quot;background_background&quot;:&quot;classic&quot;}\">\n\t\t\t\t<div class=\"elementor-element elementor-element-1197f4f elementor-widget elementor-widget-heading\" data-id=\"1197f4f\" data-element_type=\"widget\" data-e-type=\"widget\" data-widget_type=\"heading.default\">\n\t\t\t\t\t<h2 class=\"elementor-heading-title elementor-size-default\">Description<\/h2>\t\t\t\t<\/div>\n\t\t\t\t<div class=\"elementor-element elementor-element-1fcae4d elementor-widget elementor-widget-text-editor\" data-id=\"1fcae4d\" data-element_type=\"widget\" data-e-type=\"widget\" data-widget_type=\"text-editor.default\">\n\t\t\t\t\t\t\t\t\t<p>Le PCC est un projet transversal au sein du PITER GRAIES Lab, con\u00e7u pour renforcer la gouvernance transfrontali\u00e8re et assurer la durabilit\u00e9 des actions de d\u00e9veloppement local dans le temps.<br>Le projet s\u2019articule autour de quatre macro-actions int\u00e9gr\u00e9es : <\/p><ol><li>Gouvernance : coordination des activit\u00e9s, gestion des flux financiers et des rapports, appui \u00e0 la prise de d\u00e9cision strat\u00e9gique du partenariat.<\/li><li>Communication : \u00e9laboration de plans de communication, diffusion de newsletters, gestion des r\u00e9seaux sociaux et production de supports de formation pour promouvoir la connaissance du projet sur le territoire.<\/li><li>Coordination : facilitation de la collaboration entre les partenaires italiens et fran\u00e7ais, cr\u00e9ation de plateformes de dialogue et d\u2019outils partag\u00e9s pour la co-cr\u00e9ation d\u2019exp\u00e9riences de projet.<\/li><li>Suivi et \u00e9valuation : collecte et analyse des donn\u00e9es, \u00e9laboration de rapports de suivi et d\u2019\u00e9valuation, appui \u00e0 la d\u00e9finition de strat\u00e9gies d\u2019am\u00e9lioration continue.<\/li><\/ol><p>Le projet a \u00e9galement favoris\u00e9 la participation active des acteurs locaux et la co-cr\u00e9ation d\u2019outils innovants, garantissant le transfert de comp\u00e9tences et la valorisation des bonnes pratiques entre les territoires impliqu\u00e9s.<\/p>\t\t\t\t\t\t\t\t<\/div>\n\t\t\t\t<div class=\"elementor-element elementor-element-b137ba5 elementor-widget-divider--view-line elementor-widget elementor-widget-divider\" data-id=\"b137ba5\" data-element_type=\"widget\" data-e-type=\"widget\" data-widget_type=\"divider.default\">\n\t\t\t\t\t\t\t<div class=\"elementor-divider\">\n\t\t\t<span class=\"elementor-divider-separator\">\n\t\t\t\t\t\t<\/span>\n\t\t<\/div>\n\t\t\t\t\t\t<\/div>\n\t\t\t\t<div class=\"elementor-element elementor-element-f234c8d elementor-widget elementor-widget-heading\" data-id=\"f234c8d\" data-element_type=\"widget\" data-e-type=\"widget\" data-widget_type=\"heading.default\">\n\t\t\t\t\t<h2 class=\"elementor-heading-title elementor-size-default\">Principaux r\u00e9sultats<\/h2>\t\t\t\t<\/div>\n\t\t\t\t<div class=\"elementor-element elementor-element-dc01317 elementor-widget elementor-widget-text-editor\" data-id=\"dc01317\" data-element_type=\"widget\" data-e-type=\"widget\" data-widget_type=\"text-editor.default\">\n\t\t\t\t\t\t\t\t\t<ul><li>Mise en place d\u2019un organisme de gouvernance transfrontali\u00e8re permanent : un groupe stable d\u2019acteurs motiv\u00e9s \u00e0 collaborer a \u00e9t\u00e9 cr\u00e9\u00e9, avec des proc\u00e9dures et des outils partag\u00e9s, capables d\u2019assurer la continuit\u00e9 de la gouvernance au-del\u00e0 de la dur\u00e9e du projet.<\/li><li>Renforcement des comp\u00e9tences du partenariat : \u00e0 travers des parcours de formation, des laboratoires et des ateliers, les partenaires ont acquis des comp\u00e9tences techniques et m\u00e9thodologiques pour la gestion de projets transfrontaliers et la co-cr\u00e9ation territoriale.<\/li><li>Cr\u00e9ation d\u2019outils de co-cr\u00e9ation et de valorisation des r\u00e9sultats : \u00e9laboration de \u00ab fiches exp\u00e9riences \u00bb et de \u00ab fiches outils \u00bb pour chaque projet du PITER, mise en place de plateformes de dialogue en ligne, de supports p\u00e9dagogiques multilingues et d\u2019outils facilitant la communication et la participation active de la communaut\u00e9.<\/li><li>Construction d\u2019une communaut\u00e9 locale consciente et motiv\u00e9e : citoyens, \u00e9lus et acteurs locaux ont \u00e9t\u00e9 activement impliqu\u00e9s, renfor\u00e7ant la capacit\u00e9 du territoire \u00e0 participer, partager et soutenir des initiatives de d\u00e9veloppement local et de tourisme durable.<\/li><li>Am\u00e9lioration de la gouvernance territoriale et de la durabilit\u00e9 des actions : le projet a permis de cr\u00e9er un mod\u00e8le reproductible pour la gestion int\u00e9gr\u00e9e des initiatives transfrontali\u00e8res, favorisant l\u2019int\u00e9gration th\u00e9matique et m\u00e9thodologique entre les diff\u00e9rentes actions du PITER GRAIES Lab.<\/li><\/ul>\t\t\t\t\t\t\t\t<\/div>\n\t\t\t\t<\/div>\n\t\t\t\t\t<\/div>\n\t\t\t\t<\/div>\n\t\t\t\t<\/div>\n\t\t","protected":false},"excerpt":{"rendered":"<p>Encourager la citoyennet\u00e9<\/p>\n","protected":false},"author":1,"featured_media":0,"parent":1717,"menu_order":0,"comment_status":"closed","ping_status":"closed","template":"","meta":{"_acf_changed":false,"footnotes":""},"class_list":["post-1728","page","type-page","status-publish","hentry"],"acf":[],"yoast_head":"<!-- This site is optimized with the Yoast SEO plugin v27.5 - https:\/\/yoast.com\/product\/yoast-seo-wordpress\/ -->\n<title>Projet GRAIES Lab PCC - Graies Clima Lab<\/title>\n<meta name=\"robots\" content=\"index, follow, max-snippet:-1, max-image-preview:large, max-video-preview:-1\" \/>\n<link rel=\"canonical\" href=\"https:\/\/www.graiesclimalab.eu\/fr\/piter-2014-2020\/projet-graies-lab-pcc\/\" \/>\n<meta property=\"og:locale\" content=\"fr_FR\" \/>\n<meta property=\"og:type\" content=\"article\" \/>\n<meta property=\"og:title\" content=\"Projet GRAIES Lab PCC - Graies Clima Lab\" \/>\n<meta property=\"og:description\" content=\"Encourager la citoyennet\u00e9\" \/>\n<meta property=\"og:url\" content=\"https:\/\/www.graiesclimalab.eu\/fr\/piter-2014-2020\/projet-graies-lab-pcc\/\" \/>\n<meta property=\"og:site_name\" content=\"Graies Clima Lab\" \/>\n<meta property=\"article:publisher\" content=\"https:\/\/www.facebook.com\/CittaMetroTO\" \/>\n<meta property=\"article:modified_time\" content=\"2026-02-04T09:23:38+00:00\" \/>\n<meta name=\"twitter:card\" content=\"summary_large_image\" \/>\n<meta name=\"twitter:label1\" content=\"Dur\u00e9e de lecture estim\u00e9e\" \/>\n\t<meta name=\"twitter:data1\" content=\"3 minutes\" \/>\n<script type=\"application\/ld+json\" class=\"yoast-schema-graph\">{\"@context\":\"https:\\\/\\\/schema.org\",\"@graph\":[{\"@type\":\"WebPage\",\"@id\":\"https:\\\/\\\/www.graiesclimalab.eu\\\/fr\\\/piter-2014-2020\\\/projet-graies-lab-pcc\\\/\",\"url\":\"https:\\\/\\\/www.graiesclimalab.eu\\\/fr\\\/piter-2014-2020\\\/projet-graies-lab-pcc\\\/\",\"name\":\"Projet GRAIES Lab PCC - Graies Clima Lab\",\"isPartOf\":{\"@id\":\"https:\\\/\\\/www.graiesclimalab.eu\\\/fr\\\/#website\"},\"datePublished\":\"2026-01-28T11:25:11+00:00\",\"dateModified\":\"2026-02-04T09:23:38+00:00\",\"breadcrumb\":{\"@id\":\"https:\\\/\\\/www.graiesclimalab.eu\\\/fr\\\/piter-2014-2020\\\/projet-graies-lab-pcc\\\/#breadcrumb\"},\"inLanguage\":\"fr-FR\",\"potentialAction\":[{\"@type\":\"ReadAction\",\"target\":[\"https:\\\/\\\/www.graiesclimalab.eu\\\/fr\\\/piter-2014-2020\\\/projet-graies-lab-pcc\\\/\"]}]},{\"@type\":\"BreadcrumbList\",\"@id\":\"https:\\\/\\\/www.graiesclimalab.eu\\\/fr\\\/piter-2014-2020\\\/projet-graies-lab-pcc\\\/#breadcrumb\",\"itemListElement\":[{\"@type\":\"ListItem\",\"position\":1,\"name\":\"Home\",\"item\":\"https:\\\/\\\/www.graiesclimalab.eu\\\/fr\\\/home\\\/\"},{\"@type\":\"ListItem\",\"position\":2,\"name\":\"Piter 2014\\\/2020\",\"item\":\"https:\\\/\\\/www.graiesclimalab.eu\\\/fr\\\/piter-2014-2020\\\/\"},{\"@type\":\"ListItem\",\"position\":3,\"name\":\"Projet GRAIES Lab PCC\"}]},{\"@type\":\"WebSite\",\"@id\":\"https:\\\/\\\/www.graiesclimalab.eu\\\/fr\\\/#website\",\"url\":\"https:\\\/\\\/www.graiesclimalab.eu\\\/fr\\\/\",\"name\":\"Graies Clima Lab\",\"description\":\"\",\"publisher\":{\"@id\":\"https:\\\/\\\/www.graiesclimalab.eu\\\/fr\\\/#organization\"},\"potentialAction\":[{\"@type\":\"SearchAction\",\"target\":{\"@type\":\"EntryPoint\",\"urlTemplate\":\"https:\\\/\\\/www.graiesclimalab.eu\\\/fr\\\/?s={search_term_string}\"},\"query-input\":{\"@type\":\"PropertyValueSpecification\",\"valueRequired\":true,\"valueName\":\"search_term_string\"}}],\"inLanguage\":\"fr-FR\"},{\"@type\":\"Organization\",\"@id\":\"https:\\\/\\\/www.graiesclimalab.eu\\\/fr\\\/#organization\",\"name\":\"Graies Clima Lab\",\"url\":\"https:\\\/\\\/www.graiesclimalab.eu\\\/fr\\\/\",\"logo\":{\"@type\":\"ImageObject\",\"inLanguage\":\"fr-FR\",\"@id\":\"https:\\\/\\\/www.graiesclimalab.eu\\\/fr\\\/#\\\/schema\\\/logo\\\/image\\\/\",\"url\":\"https:\\\/\\\/www.graiesclimalab.eu\\\/wp-content\\\/uploads\\\/2025\\\/09\\\/logo-graies-interreg.png\",\"contentUrl\":\"https:\\\/\\\/www.graiesclimalab.eu\\\/wp-content\\\/uploads\\\/2025\\\/09\\\/logo-graies-interreg.png\",\"width\":640,\"height\":120,\"caption\":\"Graies Clima Lab\"},\"image\":{\"@id\":\"https:\\\/\\\/www.graiesclimalab.eu\\\/fr\\\/#\\\/schema\\\/logo\\\/image\\\/\"},\"sameAs\":[\"https:\\\/\\\/www.facebook.com\\\/CittaMetroTO\",\"https:\\\/\\\/www.instagram.com\\\/cittametroto\\\/\"]}]}<\/script>\n<!-- \/ Yoast SEO plugin. -->","yoast_head_json":{"title":"Projet GRAIES Lab PCC - Graies Clima Lab","robots":{"index":"index","follow":"follow","max-snippet":"max-snippet:-1","max-image-preview":"max-image-preview:large","max-video-preview":"max-video-preview:-1"},"canonical":"https:\/\/www.graiesclimalab.eu\/fr\/piter-2014-2020\/projet-graies-lab-pcc\/","og_locale":"fr_FR","og_type":"article","og_title":"Projet GRAIES Lab PCC - Graies Clima Lab","og_description":"Encourager la citoyennet\u00e9","og_url":"https:\/\/www.graiesclimalab.eu\/fr\/piter-2014-2020\/projet-graies-lab-pcc\/","og_site_name":"Graies Clima Lab","article_publisher":"https:\/\/www.facebook.com\/CittaMetroTO","article_modified_time":"2026-02-04T09:23:38+00:00","twitter_card":"summary_large_image","twitter_misc":{"Dur\u00e9e de lecture estim\u00e9e":"3 minutes"},"schema":{"@context":"https:\/\/schema.org","@graph":[{"@type":"WebPage","@id":"https:\/\/www.graiesclimalab.eu\/fr\/piter-2014-2020\/projet-graies-lab-pcc\/","url":"https:\/\/www.graiesclimalab.eu\/fr\/piter-2014-2020\/projet-graies-lab-pcc\/","name":"Projet GRAIES Lab PCC - Graies Clima Lab","isPartOf":{"@id":"https:\/\/www.graiesclimalab.eu\/fr\/#website"},"datePublished":"2026-01-28T11:25:11+00:00","dateModified":"2026-02-04T09:23:38+00:00","breadcrumb":{"@id":"https:\/\/www.graiesclimalab.eu\/fr\/piter-2014-2020\/projet-graies-lab-pcc\/#breadcrumb"},"inLanguage":"fr-FR","potentialAction":[{"@type":"ReadAction","target":["https:\/\/www.graiesclimalab.eu\/fr\/piter-2014-2020\/projet-graies-lab-pcc\/"]}]},{"@type":"BreadcrumbList","@id":"https:\/\/www.graiesclimalab.eu\/fr\/piter-2014-2020\/projet-graies-lab-pcc\/#breadcrumb","itemListElement":[{"@type":"ListItem","position":1,"name":"Home","item":"https:\/\/www.graiesclimalab.eu\/fr\/home\/"},{"@type":"ListItem","position":2,"name":"Piter 2014\/2020","item":"https:\/\/www.graiesclimalab.eu\/fr\/piter-2014-2020\/"},{"@type":"ListItem","position":3,"name":"Projet GRAIES Lab PCC"}]},{"@type":"WebSite","@id":"https:\/\/www.graiesclimalab.eu\/fr\/#website","url":"https:\/\/www.graiesclimalab.eu\/fr\/","name":"Graies Clima Lab","description":"","publisher":{"@id":"https:\/\/www.graiesclimalab.eu\/fr\/#organization"},"potentialAction":[{"@type":"SearchAction","target":{"@type":"EntryPoint","urlTemplate":"https:\/\/www.graiesclimalab.eu\/fr\/?s={search_term_string}"},"query-input":{"@type":"PropertyValueSpecification","valueRequired":true,"valueName":"search_term_string"}}],"inLanguage":"fr-FR"},{"@type":"Organization","@id":"https:\/\/www.graiesclimalab.eu\/fr\/#organization","name":"Graies Clima Lab","url":"https:\/\/www.graiesclimalab.eu\/fr\/","logo":{"@type":"ImageObject","inLanguage":"fr-FR","@id":"https:\/\/www.graiesclimalab.eu\/fr\/#\/schema\/logo\/image\/","url":"https:\/\/www.graiesclimalab.eu\/wp-content\/uploads\/2025\/09\/logo-graies-interreg.png","contentUrl":"https:\/\/www.graiesclimalab.eu\/wp-content\/uploads\/2025\/09\/logo-graies-interreg.png","width":640,"height":120,"caption":"Graies Clima Lab"},"image":{"@id":"https:\/\/www.graiesclimalab.eu\/fr\/#\/schema\/logo\/image\/"},"sameAs":["https:\/\/www.facebook.com\/CittaMetroTO","https:\/\/www.instagram.com\/cittametroto\/"]}]}},"_links":{"self":[{"href":"https:\/\/www.graiesclimalab.eu\/fr\/wp-json\/wp\/v2\/pages\/1728","targetHints":{"allow":["GET"]}}],"collection":[{"href":"https:\/\/www.graiesclimalab.eu\/fr\/wp-json\/wp\/v2\/pages"}],"about":[{"href":"https:\/\/www.graiesclimalab.eu\/fr\/wp-json\/wp\/v2\/types\/page"}],"author":[{"embeddable":true,"href":"https:\/\/www.graiesclimalab.eu\/fr\/wp-json\/wp\/v2\/users\/1"}],"replies":[{"embeddable":true,"href":"https:\/\/www.graiesclimalab.eu\/fr\/wp-json\/wp\/v2\/comments?post=1728"}],"version-history":[{"count":2,"href":"https:\/\/www.graiesclimalab.eu\/fr\/wp-json\/wp\/v2\/pages\/1728\/revisions"}],"predecessor-version":[{"id":1963,"href":"https:\/\/www.graiesclimalab.eu\/fr\/wp-json\/wp\/v2\/pages\/1728\/revisions\/1963"}],"up":[{"embeddable":true,"href":"https:\/\/www.graiesclimalab.eu\/fr\/wp-json\/wp\/v2\/pages\/1717"}],"wp:attachment":[{"href":"https:\/\/www.graiesclimalab.eu\/fr\/wp-json\/wp\/v2\/media?parent=1728"}],"curies":[{"name":"wp","href":"https:\/\/api.w.org\/{rel}","templated":true}]}}