{"id":1732,"date":"2026-01-28T11:22:06","date_gmt":"2026-01-28T10:22:06","guid":{"rendered":"https:\/\/www.graiesclimalab.eu\/piter-2014-2020\/projet-mobilab\/"},"modified":"2026-02-04T10:23:10","modified_gmt":"2026-02-04T09:23:10","slug":"projet-mobilab","status":"publish","type":"page","link":"https:\/\/www.graiesclimalab.eu\/fr\/piter-2014-2020\/projet-mobilab\/","title":{"rendered":"Projet MobiLab"},"content":{"rendered":"\t\t<div data-elementor-type=\"wp-page\" data-elementor-id=\"1732\" class=\"elementor elementor-1732 elementor-1340\" data-elementor-post-type=\"page\">\n\t\t\t\t<div class=\"elementor-element elementor-element-d789c81 e-flex e-con-boxed e-con e-parent\" data-id=\"d789c81\" data-element_type=\"container\" data-e-type=\"container\" data-settings=\"{&quot;background_background&quot;:&quot;classic&quot;}\">\n\t\t\t\t\t<div class=\"e-con-inner\">\n\t\t<div class=\"elementor-element elementor-element-c158029 e-con-full e-flex e-con e-child\" data-id=\"c158029\" data-element_type=\"container\" data-e-type=\"container\" data-settings=\"{&quot;background_background&quot;:&quot;classic&quot;}\">\n\t\t<div class=\"elementor-element elementor-element-02d2f8e e-con-full e-flex e-con e-child\" data-id=\"02d2f8e\" data-element_type=\"container\" data-e-type=\"container\" data-settings=\"{&quot;background_background&quot;:&quot;classic&quot;}\">\n\t\t\t\t<div class=\"elementor-element elementor-element-ef97d0a elementor-widget elementor-widget-heading\" data-id=\"ef97d0a\" data-element_type=\"widget\" data-e-type=\"widget\" data-widget_type=\"heading.default\">\n\t\t\t\t\t<h1 class=\"elementor-heading-title elementor-size-default\">MobiLab<\/h1>\t\t\t\t<\/div>\n\t\t\t\t<div class=\"elementor-element elementor-element-3b957f2 elementor-widget elementor-widget-text-editor\" data-id=\"3b957f2\" data-element_type=\"widget\" data-e-type=\"widget\" data-widget_type=\"text-editor.default\">\n\t\t\t\t\t\t\t\t\t<p>L\u2019objectif de MobiLab est d\u2019am\u00e9liorer l\u2019accessibilit\u00e9 des territoires ruraux et de montagne pour toutes les cat\u00e9gories d\u2019usagers, en accompagnant la transition vers un syst\u00e8me territorial d\u2019offre et de demande de mobilit\u00e9 orient\u00e9 vers un r\u00e9\u00e9quilibrage modal et une durabilit\u00e9 des d\u00e9placements.<\/p>\t\t\t\t\t\t\t\t<\/div>\n\t\t\t\t<div class=\"elementor-element elementor-element-31b89f3 elementor-widget elementor-widget-image\" data-id=\"31b89f3\" data-element_type=\"widget\" data-e-type=\"widget\" data-widget_type=\"image.default\">\n\t\t\t\t\t\t\t\t\t\t\t\t\t\t\t<img fetchpriority=\"high\" decoding=\"async\" width=\"309\" height=\"266\" src=\"https:\/\/www.graiesclimalab.eu\/wp-content\/uploads\/2026\/01\/mobilab-cartina.svg\" class=\"attachment-full size-full wp-image-1725\" alt=\"\" \/>\t\t\t\t\t\t\t\t\t\t\t\t\t\t\t<\/div>\n\t\t\t\t<\/div>\n\t\t<div class=\"elementor-element elementor-element-775f6d7 e-con-full e-flex e-con e-child\" data-id=\"775f6d7\" data-element_type=\"container\" data-e-type=\"container\" data-settings=\"{&quot;background_background&quot;:&quot;classic&quot;}\">\n\t\t<div class=\"elementor-element elementor-element-d21f02f e-con-full e-flex e-con e-child\" data-id=\"d21f02f\" data-element_type=\"container\" data-e-type=\"container\">\n\t\t<div class=\"elementor-element elementor-element-369a18e e-con-full e-flex e-con e-child\" data-id=\"369a18e\" data-element_type=\"container\" data-e-type=\"container\" data-settings=\"{&quot;background_background&quot;:&quot;classic&quot;}\">\n\t\t\t\t<div class=\"elementor-element elementor-element-756a1c6 elementor-widget elementor-widget-image\" data-id=\"756a1c6\" data-element_type=\"widget\" data-e-type=\"widget\" data-widget_type=\"image.default\">\n\t\t\t\t\t\t\t\t\t\t\t\t\t\t\t<img decoding=\"async\" width=\"71\" height=\"90\" src=\"https:\/\/www.graiesclimalab.eu\/wp-content\/uploads\/2026\/01\/scudo.svg\" class=\"attachment-full size-full wp-image-1720\" alt=\"\" \/>\t\t\t\t\t\t\t\t\t\t\t\t\t\t\t<\/div>\n\t\t\t\t<\/div>\n\t\t<div class=\"elementor-element elementor-element-a5725dd e-con-full e-flex e-con e-child\" data-id=\"a5725dd\" data-element_type=\"container\" data-e-type=\"container\" data-settings=\"{&quot;background_background&quot;:&quot;classic&quot;}\">\n\t\t\t\t<div class=\"elementor-element elementor-element-1809200 elementor-widget elementor-widget-heading\" data-id=\"1809200\" data-element_type=\"widget\" data-e-type=\"widget\" data-widget_type=\"heading.default\">\n\t\t\t\t\t<h2 class=\"elementor-heading-title elementor-size-default\">233<\/h2>\t\t\t\t<\/div>\n\t\t\t\t<div class=\"elementor-element elementor-element-e05ad7b elementor-widget elementor-widget-heading\" data-id=\"e05ad7b\" data-element_type=\"widget\" data-e-type=\"widget\" data-widget_type=\"heading.default\">\n\t\t\t\t\t<h2 class=\"elementor-heading-title elementor-size-default\">Communes<\/h2>\t\t\t\t<\/div>\n\t\t\t\t<\/div>\n\t\t\t\t<\/div>\n\t\t<div class=\"elementor-element elementor-element-f032dab e-con-full e-flex e-con e-child\" data-id=\"f032dab\" data-element_type=\"container\" data-e-type=\"container\">\n\t\t<div class=\"elementor-element elementor-element-f4667d8 e-con-full e-flex e-con e-child\" data-id=\"f4667d8\" data-element_type=\"container\" data-e-type=\"container\" data-settings=\"{&quot;background_background&quot;:&quot;classic&quot;}\">\n\t\t\t\t<div class=\"elementor-element elementor-element-cb86a03 elementor-widget elementor-widget-image\" data-id=\"cb86a03\" data-element_type=\"widget\" data-e-type=\"widget\" data-widget_type=\"image.default\">\n\t\t\t\t\t\t\t\t\t\t\t\t\t\t\t<img decoding=\"async\" width=\"95\" height=\"95\" src=\"https:\/\/www.graiesclimalab.eu\/wp-content\/uploads\/2026\/01\/superficie.svg\" class=\"attachment-full size-full wp-image-1721\" alt=\"\" \/>\t\t\t\t\t\t\t\t\t\t\t\t\t\t\t<\/div>\n\t\t\t\t<\/div>\n\t\t<div class=\"elementor-element elementor-element-a0a6a63 e-con-full e-flex e-con e-child\" data-id=\"a0a6a63\" data-element_type=\"container\" data-e-type=\"container\" data-settings=\"{&quot;background_background&quot;:&quot;classic&quot;}\">\n\t\t\t\t<div class=\"elementor-element elementor-element-bd83a54 elementor-widget elementor-widget-heading\" data-id=\"bd83a54\" data-element_type=\"widget\" data-e-type=\"widget\" data-widget_type=\"heading.default\">\n\t\t\t\t\t<h2 class=\"elementor-heading-title elementor-size-default\">4.224<\/h2>\t\t\t\t<\/div>\n\t\t\t\t<div class=\"elementor-element elementor-element-049c00a elementor-widget elementor-widget-heading\" data-id=\"049c00a\" data-element_type=\"widget\" data-e-type=\"widget\" data-widget_type=\"heading.default\">\n\t\t\t\t\t<h2 class=\"elementor-heading-title elementor-size-default\">Surface (km<sup>2<\/sup>)<\/h2>\t\t\t\t<\/div>\n\t\t\t\t<\/div>\n\t\t\t\t<\/div>\n\t\t<div class=\"elementor-element elementor-element-9c5c67d e-con-full e-flex e-con e-child\" data-id=\"9c5c67d\" data-element_type=\"container\" data-e-type=\"container\">\n\t\t<div class=\"elementor-element elementor-element-d4aff17 e-con-full e-flex e-con e-child\" data-id=\"d4aff17\" data-element_type=\"container\" data-e-type=\"container\" data-settings=\"{&quot;background_background&quot;:&quot;classic&quot;}\">\n\t\t\t\t<div class=\"elementor-element elementor-element-38ca2a8 elementor-widget elementor-widget-image\" data-id=\"38ca2a8\" data-element_type=\"widget\" data-e-type=\"widget\" data-widget_type=\"image.default\">\n\t\t\t\t\t\t\t\t\t\t\t\t\t\t\t<img loading=\"lazy\" decoding=\"async\" width=\"90\" height=\"92\" src=\"https:\/\/www.graiesclimalab.eu\/wp-content\/uploads\/2026\/01\/onimi-blu.svg\" class=\"attachment-full size-full wp-image-1722\" alt=\"\" \/>\t\t\t\t\t\t\t\t\t\t\t\t\t\t\t<\/div>\n\t\t\t\t<\/div>\n\t\t<div class=\"elementor-element elementor-element-e99feac e-con-full e-flex e-con e-child\" data-id=\"e99feac\" data-element_type=\"container\" data-e-type=\"container\" data-settings=\"{&quot;background_background&quot;:&quot;classic&quot;}\">\n\t\t\t\t<div class=\"elementor-element elementor-element-9a34af8 elementor-widget elementor-widget-heading\" data-id=\"9a34af8\" data-element_type=\"widget\" data-e-type=\"widget\" data-widget_type=\"heading.default\">\n\t\t\t\t\t<h2 class=\"elementor-heading-title elementor-size-default\">379.925<\/h2>\t\t\t\t<\/div>\n\t\t\t\t<div class=\"elementor-element elementor-element-12c55e0 elementor-widget elementor-widget-heading\" data-id=\"12c55e0\" data-element_type=\"widget\" data-e-type=\"widget\" data-widget_type=\"heading.default\">\n\t\t\t\t\t<h2 class=\"elementor-heading-title elementor-size-default\">Habitants<\/h2>\t\t\t\t<\/div>\n\t\t\t\t<\/div>\n\t\t\t\t<\/div>\n\t\t<div class=\"elementor-element elementor-element-d06689a e-con-full e-flex e-con e-child\" data-id=\"d06689a\" data-element_type=\"container\" data-e-type=\"container\" data-settings=\"{&quot;background_background&quot;:&quot;classic&quot;}\">\n\t\t\t\t<div class=\"elementor-element elementor-element-68757ff elementor-widget elementor-widget-heading\" data-id=\"68757ff\" data-element_type=\"widget\" data-e-type=\"widget\" data-widget_type=\"heading.default\">\n\t\t\t\t\t<h2 class=\"elementor-heading-title elementor-size-default\">Partenariat<\/h2>\t\t\t\t<\/div>\n\t\t\t\t<div class=\"elementor-element elementor-element-7121755 elementor-widget elementor-widget-text-editor\" data-id=\"7121755\" data-element_type=\"widget\" data-e-type=\"widget\" data-widget_type=\"text-editor.default\">\n\t\t\t\t\t\t\t\t\t<ul><li>Citta Metropolitana di Torino (Chef de file)<\/li><li><span style=\"color: #999999;\">Camera di Commercio Industria Artigianato \u2028e Agricoltura di Torino<\/span><\/li><li><span style=\"color: #999999;\">Federazione provinciale Coldiretti di Torino<\/span><\/li><li><span style=\"color: #999999;\">GAL Valli del Canavese<\/span><\/li><li>GAL Valli di Lanzo Ceronda e Casternone<\/li><li>Unit\u00e9 des Communes Valdotaines Grand-Paradis<\/li><li><span style=\"color: #999999;\">Conseil D\u00e9partemental de Savoie<\/span><\/li><li>Communaut\u00e9 d\u2019Agglom\u00e8ration Arlys\u00e8re<\/li><li>Communaut\u00e9 des Communes Coeur de Savoie<\/li><li><span style=\"color: #999999;\">Syndicat Mixte de l\u2019Avant Pays Savoyard<\/span><\/li><\/ul>\t\t\t\t\t\t\t\t<\/div>\n\t\t\t\t<\/div>\n\t\t\t\t<\/div>\n\t\t\t\t<\/div>\n\t\t<div class=\"elementor-element elementor-element-71578bf e-con-full e-flex e-con e-child\" data-id=\"71578bf\" data-element_type=\"container\" data-e-type=\"container\" data-settings=\"{&quot;background_background&quot;:&quot;classic&quot;}\">\n\t\t<div class=\"elementor-element elementor-element-8e442a7 e-con-full e-flex e-con e-child\" data-id=\"8e442a7\" data-element_type=\"container\" data-e-type=\"container\" data-settings=\"{&quot;background_background&quot;:&quot;classic&quot;}\">\n\t\t\t\t<div class=\"elementor-element elementor-element-3d845f8 elementor-widget elementor-widget-heading\" data-id=\"3d845f8\" data-element_type=\"widget\" data-e-type=\"widget\" data-widget_type=\"heading.default\">\n\t\t\t\t\t<h2 class=\"elementor-heading-title elementor-size-default\">DEBUT DES ACTIVITES<\/h2>\t\t\t\t<\/div>\n\t\t\t\t<div class=\"elementor-element elementor-element-9ad4df6 elementor-widget elementor-widget-text-editor\" data-id=\"9ad4df6\" data-element_type=\"widget\" data-e-type=\"widget\" data-widget_type=\"text-editor.default\">\n\t\t\t\t\t\t\t\t\t<p>01\/10\/2018<\/p>\t\t\t\t\t\t\t\t<\/div>\n\t\t\t\t<\/div>\n\t\t<div class=\"elementor-element elementor-element-2f5a4ee e-con-full e-flex e-con e-child\" data-id=\"2f5a4ee\" data-element_type=\"container\" data-e-type=\"container\" data-settings=\"{&quot;background_background&quot;:&quot;classic&quot;}\">\n\t\t\t\t<div class=\"elementor-element elementor-element-5e93577 elementor-widget elementor-widget-heading\" data-id=\"5e93577\" data-element_type=\"widget\" data-e-type=\"widget\" data-widget_type=\"heading.default\">\n\t\t\t\t\t<h2 class=\"elementor-heading-title elementor-size-default\">FIN DES ACTIVIT\u00c9S<\/h2>\t\t\t\t<\/div>\n\t\t\t\t<div class=\"elementor-element elementor-element-6880bcc elementor-widget elementor-widget-text-editor\" data-id=\"6880bcc\" data-element_type=\"widget\" data-e-type=\"widget\" data-widget_type=\"text-editor.default\">\n\t\t\t\t\t\t\t\t\t<p>02\/10\/2022<\/p>\t\t\t\t\t\t\t\t<\/div>\n\t\t\t\t<\/div>\n\t\t<div class=\"elementor-element elementor-element-228672f e-con-full e-flex e-con e-child\" data-id=\"228672f\" data-element_type=\"container\" data-e-type=\"container\" data-settings=\"{&quot;background_background&quot;:&quot;classic&quot;}\">\n\t\t\t\t<div class=\"elementor-element elementor-element-263c18b elementor-widget elementor-widget-heading\" data-id=\"263c18b\" data-element_type=\"widget\" data-e-type=\"widget\" data-widget_type=\"heading.default\">\n\t\t\t\t\t<h2 class=\"elementor-heading-title elementor-size-default\">DUREE<\/h2>\t\t\t\t<\/div>\n\t\t\t\t<div class=\"elementor-element elementor-element-fa03aab elementor-widget elementor-widget-text-editor\" data-id=\"fa03aab\" data-element_type=\"widget\" data-e-type=\"widget\" data-widget_type=\"text-editor.default\">\n\t\t\t\t\t\t\t\t\t<p>48 mois<\/p>\t\t\t\t\t\t\t\t<\/div>\n\t\t\t\t<\/div>\n\t\t<div class=\"elementor-element elementor-element-ba37dd7 e-con-full e-flex e-con e-child\" data-id=\"ba37dd7\" data-element_type=\"container\" data-e-type=\"container\" data-settings=\"{&quot;background_background&quot;:&quot;classic&quot;}\">\n\t\t\t\t<div class=\"elementor-element elementor-element-5b49a9b elementor-widget elementor-widget-heading\" data-id=\"5b49a9b\" data-element_type=\"widget\" data-e-type=\"widget\" data-widget_type=\"heading.default\">\n\t\t\t\t\t<h2 class=\"elementor-heading-title elementor-size-default\">BUDGET<\/h2>\t\t\t\t<\/div>\n\t\t\t\t<div class=\"elementor-element elementor-element-f87b9eb elementor-widget elementor-widget-text-editor\" data-id=\"f87b9eb\" data-element_type=\"widget\" data-e-type=\"widget\" data-widget_type=\"text-editor.default\">\n\t\t\t\t\t\t\t\t\t<p>1.764.705,88 \u20ac<\/p>\t\t\t\t\t\t\t\t<\/div>\n\t\t\t\t<\/div>\n\t\t\t\t<\/div>\n\t\t\t\t<div class=\"elementor-element elementor-element-7b3513d elementor-widget-divider--view-line elementor-widget elementor-widget-divider\" data-id=\"7b3513d\" data-element_type=\"widget\" data-e-type=\"widget\" data-widget_type=\"divider.default\">\n\t\t\t\t\t\t\t<div class=\"elementor-divider\">\n\t\t\t<span class=\"elementor-divider-separator\">\n\t\t\t\t\t\t<\/span>\n\t\t<\/div>\n\t\t\t\t\t\t<\/div>\n\t\t<div class=\"elementor-element elementor-element-67dbbf5 e-con-full e-flex e-con e-child\" data-id=\"67dbbf5\" data-element_type=\"container\" data-e-type=\"container\" data-settings=\"{&quot;background_background&quot;:&quot;classic&quot;}\">\n\t\t\t\t<div class=\"elementor-element elementor-element-1197f4f elementor-widget elementor-widget-heading\" data-id=\"1197f4f\" data-element_type=\"widget\" data-e-type=\"widget\" data-widget_type=\"heading.default\">\n\t\t\t\t\t<h2 class=\"elementor-heading-title elementor-size-default\">Description<\/h2>\t\t\t\t<\/div>\n\t\t\t\t<div class=\"elementor-element elementor-element-1fcae4d elementor-widget elementor-widget-text-editor\" data-id=\"1fcae4d\" data-element_type=\"widget\" data-e-type=\"widget\" data-widget_type=\"text-editor.default\">\n\t\t\t\t\t\t\t\t\t<p>L\u2019objectif de MobiLab est d\u2019<strong>am\u00e9liorer l\u2019accessibilit\u00e9 du territoire rural et de montagne pour toutes les cat\u00e9gories d\u2019usagers<\/strong>, en accompagnant la transition vers un syst\u00e8me territorial bas\u00e9 sur la relation entre la demande et l\u2019offre de mobilit\u00e9, dans une optique de r\u00e9\u00e9quilibrage modal et de durabilit\u00e9 des d\u00e9placements. Les partenaires du projet \u2014 Ville m\u00e9tropolitaine de Turin (chef de file), GAL Valli di Lanzo Ceronda e Casternone, Unit\u00e9 des Communes Vald\u00f4taines Grand-Paradis, Communaut\u00e9 de communes C\u0153ur de Savoie et Communaut\u00e9 d\u2019agglom\u00e9ration Arlys\u00e8re \u2014 ont travaill\u00e9 sur des objectifs de grande actualit\u00e9, alliant \u00e9tudes, collecte de donn\u00e9es et actions concr\u00e8tes. <\/p>\t\t\t\t\t\t\t\t<\/div>\n\t\t\t\t<div class=\"elementor-element elementor-element-b137ba5 elementor-widget-divider--view-line elementor-widget elementor-widget-divider\" data-id=\"b137ba5\" data-element_type=\"widget\" data-e-type=\"widget\" data-widget_type=\"divider.default\">\n\t\t\t\t\t\t\t<div class=\"elementor-divider\">\n\t\t\t<span class=\"elementor-divider-separator\">\n\t\t\t\t\t\t<\/span>\n\t\t<\/div>\n\t\t\t\t\t\t<\/div>\n\t\t\t\t<div class=\"elementor-element elementor-element-f234c8d elementor-widget elementor-widget-heading\" data-id=\"f234c8d\" data-element_type=\"widget\" data-e-type=\"widget\" data-widget_type=\"heading.default\">\n\t\t\t\t\t<h2 class=\"elementor-heading-title elementor-size-default\">Principaux r\u00e9sultats<\/h2>\t\t\t\t<\/div>\n\t\t\t\t<div class=\"elementor-element elementor-element-dc01317 elementor-widget elementor-widget-text-editor\" data-id=\"dc01317\" data-element_type=\"widget\" data-e-type=\"widget\" data-widget_type=\"text-editor.default\">\n\t\t\t\t\t\t\t\t\t<p>Le projet a touch\u00e9 directement plus de 42 000 citoyens, 60 entreprises et 200 \u00e9lus et techniciens communaux.<\/p><p>De nombreuses exp\u00e9rimentations ont \u00e9t\u00e9 mises en place dans le cadre de MobiLab au cours des quatre derni\u00e8res ann\u00e9es pour favoriser la diversification des choix modaux et modifier l\u2019approche culturelle de la population, des administrations publiques et des acteurs locaux. Parmi les principales actions r\u00e9alis\u00e9es : le Trekbus du Grand Paradis, des \u00e9v\u00e9nements \u00e0 v\u00e9lo et avec les \u00e9coles, des formations pour Mobility managers, la cr\u00e9ation d\u2019hubs intermodaux, l\u2019extension des services de transport \u00e0 la demande, des actions de mobilit\u00e9 solidaire pour les personnes les plus vuln\u00e9rables, des services de transport dans les vall\u00e9es destin\u00e9s aux touristes et randonneurs. <\/p><p>MobiLab a \u00e9galement permis de d\u00e9couvrir les exp\u00e9riences transalpines et la r\u00e9glementation fran\u00e7aise en mati\u00e8re de mobilit\u00e9 durable \u2014 un partage d\u2019exp\u00e9riences important pour proposer des mises \u00e0 jour pertinentes de la l\u00e9gislation italienne. Les exp\u00e9rimentations ont mis en \u00e9vidence plusieurs th\u00e8mes de r\u00e9flexion pour l\u2019avenir : <\/p><ul><li>la forte attention du public aux questions environnementales et \u00e9nerg\u00e9tiques<\/li><li>\u00b7 la n\u00e9cessit\u00e9 de transformer cette attention en changement d\u2019habitudes plut\u00f4t qu\u2019en simple \u00ab pr\u00e9occupation \u00bb<\/li><li>l\u2019importance de lutter contre l\u2019usage individuel des v\u00e9hicules en favorisant, permettant et soutenant toutes les formes de partage<\/li><li>l\u2019opportunit\u00e9 de d\u00e9velopper et promouvoir le t\u00e9l\u00e9travail, en r\u00e9organisant les services urbains, y compris les transports et les syst\u00e8mes tarifaires<\/li><li>le r\u00f4le central de la micromobilit\u00e9.<\/li><\/ul><p>Dans l\u2019ensemble, la mise en \u0153uvre du projet a permis de d\u00e9velopper six strat\u00e9gies locales de mobilit\u00e9 durable destin\u00e9es \u00e0 des groupes cibles sp\u00e9cifiques (population r\u00e9sidente, travailleurs, d\u00e9cideurs publics et priv\u00e9s, touristes), et couvrant les territoires concern\u00e9s par le projet : Zones 7, 8 et 9 de la Ville m\u00e9tropolitaine de Turin (Ciriacese et Vall\u00e9es de Lanzo, Canavese occidental, Eporediese), Unit\u00e9 des Communes Vald\u00f4taines Grand Paradis, Communaut\u00e9 de communes C\u0153ur de Savoie, Communaut\u00e9 d\u2019agglom\u00e9ration Arlys\u00e8re. Le processus de d\u00e9finition des strat\u00e9gies de mobilit\u00e9 durable a impliqu\u00e9 la population \u00e0 travers des techniques de participation innovantes et le partage des objectifs de d\u00e9veloppement. Les strat\u00e9gies et plans de mobilit\u00e9 durable ont \u00e9t\u00e9 d\u00e9finis dans le cadre d\u2019un processus de co-construction appuy\u00e9 sur la m\u00e9thode LivingLab.  <\/p><p>Des initiatives pilotes ont \u00e9t\u00e9 lanc\u00e9es pour tester des services bas\u00e9s sur la mobilit\u00e9 partag\u00e9e.<br>En particulier, diff\u00e9rents territoires ont exp\u00e9riment\u00e9 des services de covoiturage, de transport \u00e0 la demande et de mobilit\u00e9 solidaire. De plus, lorsque cela \u00e9tait possible, les th\u00e9matiques de mobilit\u00e9 partag\u00e9e ont \u00e9t\u00e9 associ\u00e9es au d\u00e9veloppement de la mobilit\u00e9 \u00e9lectrique et aux services de mobilit\u00e9 solidaire.  <\/p>\t\t\t\t\t\t\t\t<\/div>\n\t\t\t\t<\/div>\n\t\t\t\t\t<\/div>\n\t\t\t\t<\/div>\n\t\t\t\t<\/div>\n\t\t","protected":false},"excerpt":{"rendered":"<p>Encourager la citoyennet\u00e9<\/p>\n","protected":false},"author":1,"featured_media":0,"parent":1717,"menu_order":0,"comment_status":"closed","ping_status":"closed","template":"","meta":{"_acf_changed":false,"footnotes":""},"class_list":["post-1732","page","type-page","status-publish","hentry"],"acf":[],"yoast_head":"<!-- This site is optimized with the Yoast SEO plugin v27.5 - https:\/\/yoast.com\/product\/yoast-seo-wordpress\/ -->\n<title>Projet MobiLab - Graies Clima Lab<\/title>\n<meta name=\"robots\" content=\"index, follow, max-snippet:-1, max-image-preview:large, max-video-preview:-1\" \/>\n<link rel=\"canonical\" href=\"https:\/\/www.graiesclimalab.eu\/fr\/piter-2014-2020\/projet-mobilab\/\" \/>\n<meta property=\"og:locale\" content=\"fr_FR\" \/>\n<meta property=\"og:type\" content=\"article\" \/>\n<meta property=\"og:title\" content=\"Projet MobiLab - Graies Clima Lab\" \/>\n<meta property=\"og:description\" content=\"Encourager la citoyennet\u00e9\" \/>\n<meta property=\"og:url\" content=\"https:\/\/www.graiesclimalab.eu\/fr\/piter-2014-2020\/projet-mobilab\/\" \/>\n<meta property=\"og:site_name\" content=\"Graies Clima Lab\" \/>\n<meta property=\"article:publisher\" content=\"https:\/\/www.facebook.com\/CittaMetroTO\" \/>\n<meta property=\"article:modified_time\" content=\"2026-02-04T09:23:10+00:00\" \/>\n<meta name=\"twitter:card\" content=\"summary_large_image\" \/>\n<meta name=\"twitter:label1\" content=\"Dur\u00e9e de lecture estim\u00e9e\" \/>\n\t<meta name=\"twitter:data1\" content=\"4 minutes\" \/>\n<script type=\"application\/ld+json\" class=\"yoast-schema-graph\">{\"@context\":\"https:\\\/\\\/schema.org\",\"@graph\":[{\"@type\":\"WebPage\",\"@id\":\"https:\\\/\\\/www.graiesclimalab.eu\\\/fr\\\/piter-2014-2020\\\/projet-mobilab\\\/\",\"url\":\"https:\\\/\\\/www.graiesclimalab.eu\\\/fr\\\/piter-2014-2020\\\/projet-mobilab\\\/\",\"name\":\"Projet MobiLab - Graies Clima Lab\",\"isPartOf\":{\"@id\":\"https:\\\/\\\/www.graiesclimalab.eu\\\/fr\\\/#website\"},\"primaryImageOfPage\":{\"@id\":\"https:\\\/\\\/www.graiesclimalab.eu\\\/fr\\\/piter-2014-2020\\\/projet-mobilab\\\/#primaryimage\"},\"image\":{\"@id\":\"https:\\\/\\\/www.graiesclimalab.eu\\\/fr\\\/piter-2014-2020\\\/projet-mobilab\\\/#primaryimage\"},\"thumbnailUrl\":\"https:\\\/\\\/www.graiesclimalab.eu\\\/wp-content\\\/uploads\\\/2026\\\/01\\\/mobilab-cartina.svg\",\"datePublished\":\"2026-01-28T10:22:06+00:00\",\"dateModified\":\"2026-02-04T09:23:10+00:00\",\"breadcrumb\":{\"@id\":\"https:\\\/\\\/www.graiesclimalab.eu\\\/fr\\\/piter-2014-2020\\\/projet-mobilab\\\/#breadcrumb\"},\"inLanguage\":\"fr-FR\",\"potentialAction\":[{\"@type\":\"ReadAction\",\"target\":[\"https:\\\/\\\/www.graiesclimalab.eu\\\/fr\\\/piter-2014-2020\\\/projet-mobilab\\\/\"]}]},{\"@type\":\"ImageObject\",\"inLanguage\":\"fr-FR\",\"@id\":\"https:\\\/\\\/www.graiesclimalab.eu\\\/fr\\\/piter-2014-2020\\\/projet-mobilab\\\/#primaryimage\",\"url\":\"https:\\\/\\\/www.graiesclimalab.eu\\\/wp-content\\\/uploads\\\/2026\\\/01\\\/mobilab-cartina.svg\",\"contentUrl\":\"https:\\\/\\\/www.graiesclimalab.eu\\\/wp-content\\\/uploads\\\/2026\\\/01\\\/mobilab-cartina.svg\"},{\"@type\":\"BreadcrumbList\",\"@id\":\"https:\\\/\\\/www.graiesclimalab.eu\\\/fr\\\/piter-2014-2020\\\/projet-mobilab\\\/#breadcrumb\",\"itemListElement\":[{\"@type\":\"ListItem\",\"position\":1,\"name\":\"Home\",\"item\":\"https:\\\/\\\/www.graiesclimalab.eu\\\/fr\\\/home\\\/\"},{\"@type\":\"ListItem\",\"position\":2,\"name\":\"Piter 2014\\\/2020\",\"item\":\"https:\\\/\\\/www.graiesclimalab.eu\\\/fr\\\/piter-2014-2020\\\/\"},{\"@type\":\"ListItem\",\"position\":3,\"name\":\"Projet MobiLab\"}]},{\"@type\":\"WebSite\",\"@id\":\"https:\\\/\\\/www.graiesclimalab.eu\\\/fr\\\/#website\",\"url\":\"https:\\\/\\\/www.graiesclimalab.eu\\\/fr\\\/\",\"name\":\"Graies Clima Lab\",\"description\":\"\",\"publisher\":{\"@id\":\"https:\\\/\\\/www.graiesclimalab.eu\\\/fr\\\/#organization\"},\"potentialAction\":[{\"@type\":\"SearchAction\",\"target\":{\"@type\":\"EntryPoint\",\"urlTemplate\":\"https:\\\/\\\/www.graiesclimalab.eu\\\/fr\\\/?s={search_term_string}\"},\"query-input\":{\"@type\":\"PropertyValueSpecification\",\"valueRequired\":true,\"valueName\":\"search_term_string\"}}],\"inLanguage\":\"fr-FR\"},{\"@type\":\"Organization\",\"@id\":\"https:\\\/\\\/www.graiesclimalab.eu\\\/fr\\\/#organization\",\"name\":\"Graies Clima Lab\",\"url\":\"https:\\\/\\\/www.graiesclimalab.eu\\\/fr\\\/\",\"logo\":{\"@type\":\"ImageObject\",\"inLanguage\":\"fr-FR\",\"@id\":\"https:\\\/\\\/www.graiesclimalab.eu\\\/fr\\\/#\\\/schema\\\/logo\\\/image\\\/\",\"url\":\"https:\\\/\\\/www.graiesclimalab.eu\\\/wp-content\\\/uploads\\\/2025\\\/09\\\/logo-graies-interreg.png\",\"contentUrl\":\"https:\\\/\\\/www.graiesclimalab.eu\\\/wp-content\\\/uploads\\\/2025\\\/09\\\/logo-graies-interreg.png\",\"width\":640,\"height\":120,\"caption\":\"Graies Clima Lab\"},\"image\":{\"@id\":\"https:\\\/\\\/www.graiesclimalab.eu\\\/fr\\\/#\\\/schema\\\/logo\\\/image\\\/\"},\"sameAs\":[\"https:\\\/\\\/www.facebook.com\\\/CittaMetroTO\",\"https:\\\/\\\/www.instagram.com\\\/cittametroto\\\/\"]}]}<\/script>\n<!-- \/ Yoast SEO plugin. -->","yoast_head_json":{"title":"Projet MobiLab - Graies Clima Lab","robots":{"index":"index","follow":"follow","max-snippet":"max-snippet:-1","max-image-preview":"max-image-preview:large","max-video-preview":"max-video-preview:-1"},"canonical":"https:\/\/www.graiesclimalab.eu\/fr\/piter-2014-2020\/projet-mobilab\/","og_locale":"fr_FR","og_type":"article","og_title":"Projet MobiLab - Graies Clima Lab","og_description":"Encourager la citoyennet\u00e9","og_url":"https:\/\/www.graiesclimalab.eu\/fr\/piter-2014-2020\/projet-mobilab\/","og_site_name":"Graies Clima Lab","article_publisher":"https:\/\/www.facebook.com\/CittaMetroTO","article_modified_time":"2026-02-04T09:23:10+00:00","twitter_card":"summary_large_image","twitter_misc":{"Dur\u00e9e de lecture estim\u00e9e":"4 minutes"},"schema":{"@context":"https:\/\/schema.org","@graph":[{"@type":"WebPage","@id":"https:\/\/www.graiesclimalab.eu\/fr\/piter-2014-2020\/projet-mobilab\/","url":"https:\/\/www.graiesclimalab.eu\/fr\/piter-2014-2020\/projet-mobilab\/","name":"Projet MobiLab - Graies Clima Lab","isPartOf":{"@id":"https:\/\/www.graiesclimalab.eu\/fr\/#website"},"primaryImageOfPage":{"@id":"https:\/\/www.graiesclimalab.eu\/fr\/piter-2014-2020\/projet-mobilab\/#primaryimage"},"image":{"@id":"https:\/\/www.graiesclimalab.eu\/fr\/piter-2014-2020\/projet-mobilab\/#primaryimage"},"thumbnailUrl":"https:\/\/www.graiesclimalab.eu\/wp-content\/uploads\/2026\/01\/mobilab-cartina.svg","datePublished":"2026-01-28T10:22:06+00:00","dateModified":"2026-02-04T09:23:10+00:00","breadcrumb":{"@id":"https:\/\/www.graiesclimalab.eu\/fr\/piter-2014-2020\/projet-mobilab\/#breadcrumb"},"inLanguage":"fr-FR","potentialAction":[{"@type":"ReadAction","target":["https:\/\/www.graiesclimalab.eu\/fr\/piter-2014-2020\/projet-mobilab\/"]}]},{"@type":"ImageObject","inLanguage":"fr-FR","@id":"https:\/\/www.graiesclimalab.eu\/fr\/piter-2014-2020\/projet-mobilab\/#primaryimage","url":"https:\/\/www.graiesclimalab.eu\/wp-content\/uploads\/2026\/01\/mobilab-cartina.svg","contentUrl":"https:\/\/www.graiesclimalab.eu\/wp-content\/uploads\/2026\/01\/mobilab-cartina.svg"},{"@type":"BreadcrumbList","@id":"https:\/\/www.graiesclimalab.eu\/fr\/piter-2014-2020\/projet-mobilab\/#breadcrumb","itemListElement":[{"@type":"ListItem","position":1,"name":"Home","item":"https:\/\/www.graiesclimalab.eu\/fr\/home\/"},{"@type":"ListItem","position":2,"name":"Piter 2014\/2020","item":"https:\/\/www.graiesclimalab.eu\/fr\/piter-2014-2020\/"},{"@type":"ListItem","position":3,"name":"Projet MobiLab"}]},{"@type":"WebSite","@id":"https:\/\/www.graiesclimalab.eu\/fr\/#website","url":"https:\/\/www.graiesclimalab.eu\/fr\/","name":"Graies Clima Lab","description":"","publisher":{"@id":"https:\/\/www.graiesclimalab.eu\/fr\/#organization"},"potentialAction":[{"@type":"SearchAction","target":{"@type":"EntryPoint","urlTemplate":"https:\/\/www.graiesclimalab.eu\/fr\/?s={search_term_string}"},"query-input":{"@type":"PropertyValueSpecification","valueRequired":true,"valueName":"search_term_string"}}],"inLanguage":"fr-FR"},{"@type":"Organization","@id":"https:\/\/www.graiesclimalab.eu\/fr\/#organization","name":"Graies Clima Lab","url":"https:\/\/www.graiesclimalab.eu\/fr\/","logo":{"@type":"ImageObject","inLanguage":"fr-FR","@id":"https:\/\/www.graiesclimalab.eu\/fr\/#\/schema\/logo\/image\/","url":"https:\/\/www.graiesclimalab.eu\/wp-content\/uploads\/2025\/09\/logo-graies-interreg.png","contentUrl":"https:\/\/www.graiesclimalab.eu\/wp-content\/uploads\/2025\/09\/logo-graies-interreg.png","width":640,"height":120,"caption":"Graies Clima Lab"},"image":{"@id":"https:\/\/www.graiesclimalab.eu\/fr\/#\/schema\/logo\/image\/"},"sameAs":["https:\/\/www.facebook.com\/CittaMetroTO","https:\/\/www.instagram.com\/cittametroto\/"]}]}},"_links":{"self":[{"href":"https:\/\/www.graiesclimalab.eu\/fr\/wp-json\/wp\/v2\/pages\/1732","targetHints":{"allow":["GET"]}}],"collection":[{"href":"https:\/\/www.graiesclimalab.eu\/fr\/wp-json\/wp\/v2\/pages"}],"about":[{"href":"https:\/\/www.graiesclimalab.eu\/fr\/wp-json\/wp\/v2\/types\/page"}],"author":[{"embeddable":true,"href":"https:\/\/www.graiesclimalab.eu\/fr\/wp-json\/wp\/v2\/users\/1"}],"replies":[{"embeddable":true,"href":"https:\/\/www.graiesclimalab.eu\/fr\/wp-json\/wp\/v2\/comments?post=1732"}],"version-history":[{"count":2,"href":"https:\/\/www.graiesclimalab.eu\/fr\/wp-json\/wp\/v2\/pages\/1732\/revisions"}],"predecessor-version":[{"id":1962,"href":"https:\/\/www.graiesclimalab.eu\/fr\/wp-json\/wp\/v2\/pages\/1732\/revisions\/1962"}],"up":[{"embeddable":true,"href":"https:\/\/www.graiesclimalab.eu\/fr\/wp-json\/wp\/v2\/pages\/1717"}],"wp:attachment":[{"href":"https:\/\/www.graiesclimalab.eu\/fr\/wp-json\/wp\/v2\/media?parent=1732"}],"curies":[{"name":"wp","href":"https:\/\/api.w.org\/{rel}","templated":true}]}}