{"id":1734,"date":"2026-01-28T11:51:43","date_gmt":"2026-01-28T10:51:43","guid":{"rendered":"https:\/\/www.graiesclimalab.eu\/piter-2014-2020\/projet-socialab\/"},"modified":"2026-02-02T16:23:28","modified_gmt":"2026-02-02T15:23:28","slug":"projet-socialab","status":"publish","type":"page","link":"https:\/\/www.graiesclimalab.eu\/fr\/piter-2014-2020\/projet-socialab\/","title":{"rendered":"Projet SociaLab"},"content":{"rendered":"\t\t<div data-elementor-type=\"wp-page\" data-elementor-id=\"1734\" class=\"elementor elementor-1734 elementor-1362\" data-elementor-post-type=\"page\">\n\t\t\t\t<div class=\"elementor-element elementor-element-d789c81 e-flex e-con-boxed e-con e-parent\" data-id=\"d789c81\" data-element_type=\"container\" data-e-type=\"container\" data-settings=\"{&quot;background_background&quot;:&quot;classic&quot;}\">\n\t\t\t\t\t<div class=\"e-con-inner\">\n\t\t<div class=\"elementor-element elementor-element-c158029 e-con-full e-flex e-con e-child\" data-id=\"c158029\" data-element_type=\"container\" data-e-type=\"container\" data-settings=\"{&quot;background_background&quot;:&quot;classic&quot;}\">\n\t\t<div class=\"elementor-element elementor-element-02d2f8e e-con-full e-flex e-con e-child\" data-id=\"02d2f8e\" data-element_type=\"container\" data-e-type=\"container\" data-settings=\"{&quot;background_background&quot;:&quot;classic&quot;}\">\n\t\t\t\t<div class=\"elementor-element elementor-element-ef97d0a elementor-widget elementor-widget-heading\" data-id=\"ef97d0a\" data-element_type=\"widget\" data-e-type=\"widget\" data-widget_type=\"heading.default\">\n\t\t\t\t\t<h1 class=\"elementor-heading-title elementor-size-default\">SociaLab<\/h1>\t\t\t\t<\/div>\n\t\t\t\t<div class=\"elementor-element elementor-element-3b957f2 elementor-widget elementor-widget-text-editor\" data-id=\"3b957f2\" data-element_type=\"widget\" data-e-type=\"widget\" data-widget_type=\"text-editor.default\">\n\t\t\t\t\t\t\t\t\t<p>L\u2019objectif du projet SociaLab est d\u2019am\u00e9liorer la qualit\u00e9, la durabilit\u00e9 et la proximit\u00e9 des services \u00e0 la population du territoire, en d\u00e9finissant et en exp\u00e9rimentant un service d\u2019assistance sociale de proximit\u00e9, fond\u00e9 sur le bien-\u00eatre de la communaut\u00e9 et sur des pratiques innovantes et collaboratives.<\/p>\t\t\t\t\t\t\t\t<\/div>\n\t\t\t\t<div class=\"elementor-element elementor-element-31b89f3 elementor-widget elementor-widget-image\" data-id=\"31b89f3\" data-element_type=\"widget\" data-e-type=\"widget\" data-widget_type=\"image.default\">\n\t\t\t\t\t\t\t\t\t\t\t\t\t\t\t<img fetchpriority=\"high\" decoding=\"async\" width=\"314\" height=\"266\" src=\"https:\/\/www.graiesclimalab.eu\/wp-content\/uploads\/2026\/01\/socialab.svg\" class=\"attachment-full size-full wp-image-1726\" alt=\"\" \/>\t\t\t\t\t\t\t\t\t\t\t\t\t\t\t<\/div>\n\t\t\t\t<\/div>\n\t\t<div class=\"elementor-element elementor-element-775f6d7 e-con-full e-flex e-con e-child\" data-id=\"775f6d7\" data-element_type=\"container\" data-e-type=\"container\" data-settings=\"{&quot;background_background&quot;:&quot;classic&quot;}\">\n\t\t<div class=\"elementor-element elementor-element-d21f02f e-con-full e-flex e-con e-child\" data-id=\"d21f02f\" data-element_type=\"container\" data-e-type=\"container\">\n\t\t<div class=\"elementor-element elementor-element-369a18e e-con-full e-flex e-con e-child\" data-id=\"369a18e\" data-element_type=\"container\" data-e-type=\"container\" data-settings=\"{&quot;background_background&quot;:&quot;classic&quot;}\">\n\t\t\t\t<div class=\"elementor-element elementor-element-756a1c6 elementor-widget elementor-widget-image\" data-id=\"756a1c6\" data-element_type=\"widget\" data-e-type=\"widget\" data-widget_type=\"image.default\">\n\t\t\t\t\t\t\t\t\t\t\t\t\t\t\t<img decoding=\"async\" width=\"71\" height=\"90\" src=\"https:\/\/www.graiesclimalab.eu\/wp-content\/uploads\/2026\/01\/scudo.svg\" class=\"attachment-full size-full wp-image-1720\" alt=\"\" \/>\t\t\t\t\t\t\t\t\t\t\t\t\t\t\t<\/div>\n\t\t\t\t<\/div>\n\t\t<div class=\"elementor-element elementor-element-99f332d e-con-full e-flex e-con e-child\" data-id=\"99f332d\" data-element_type=\"container\" data-e-type=\"container\" data-settings=\"{&quot;background_background&quot;:&quot;classic&quot;}\">\n\t\t\t\t<div class=\"elementor-element elementor-element-341419a elementor-widget elementor-widget-heading\" data-id=\"341419a\" data-element_type=\"widget\" data-e-type=\"widget\" data-widget_type=\"heading.default\">\n\t\t\t\t\t<h2 class=\"elementor-heading-title elementor-size-default\">221<\/h2>\t\t\t\t<\/div>\n\t\t\t\t<div class=\"elementor-element elementor-element-afb4a88 elementor-widget elementor-widget-heading\" data-id=\"afb4a88\" data-element_type=\"widget\" data-e-type=\"widget\" data-widget_type=\"heading.default\">\n\t\t\t\t\t<h2 class=\"elementor-heading-title elementor-size-default\">Communes<\/h2>\t\t\t\t<\/div>\n\t\t\t\t<\/div>\n\t\t\t\t<\/div>\n\t\t<div class=\"elementor-element elementor-element-f032dab e-con-full e-flex e-con e-child\" data-id=\"f032dab\" data-element_type=\"container\" data-e-type=\"container\">\n\t\t<div class=\"elementor-element elementor-element-f4667d8 e-con-full e-flex e-con e-child\" data-id=\"f4667d8\" data-element_type=\"container\" data-e-type=\"container\" data-settings=\"{&quot;background_background&quot;:&quot;classic&quot;}\">\n\t\t\t\t<div class=\"elementor-element elementor-element-cb86a03 elementor-widget elementor-widget-image\" data-id=\"cb86a03\" data-element_type=\"widget\" data-e-type=\"widget\" data-widget_type=\"image.default\">\n\t\t\t\t\t\t\t\t\t\t\t\t\t\t\t<img decoding=\"async\" width=\"95\" height=\"95\" src=\"https:\/\/www.graiesclimalab.eu\/wp-content\/uploads\/2026\/01\/superficie.svg\" class=\"attachment-full size-full wp-image-1721\" alt=\"\" \/>\t\t\t\t\t\t\t\t\t\t\t\t\t\t\t<\/div>\n\t\t\t\t<\/div>\n\t\t<div class=\"elementor-element elementor-element-f43b167 e-con-full e-flex e-con e-child\" data-id=\"f43b167\" data-element_type=\"container\" data-e-type=\"container\" data-settings=\"{&quot;background_background&quot;:&quot;classic&quot;}\">\n\t\t\t\t<div class=\"elementor-element elementor-element-8f2bf73 elementor-widget elementor-widget-heading\" data-id=\"8f2bf73\" data-element_type=\"widget\" data-e-type=\"widget\" data-widget_type=\"heading.default\">\n\t\t\t\t\t<h2 class=\"elementor-heading-title elementor-size-default\">3.607<\/h2>\t\t\t\t<\/div>\n\t\t\t\t<div class=\"elementor-element elementor-element-67e738b elementor-widget elementor-widget-heading\" data-id=\"67e738b\" data-element_type=\"widget\" data-e-type=\"widget\" data-widget_type=\"heading.default\">\n\t\t\t\t\t<h2 class=\"elementor-heading-title elementor-size-default\">Surface (km<sup>2<\/sup>)<\/h2>\t\t\t\t<\/div>\n\t\t\t\t<\/div>\n\t\t\t\t<\/div>\n\t\t<div class=\"elementor-element elementor-element-9c5c67d e-con-full e-flex e-con e-child\" data-id=\"9c5c67d\" data-element_type=\"container\" data-e-type=\"container\">\n\t\t<div class=\"elementor-element elementor-element-d4aff17 e-con-full e-flex e-con e-child\" data-id=\"d4aff17\" data-element_type=\"container\" data-e-type=\"container\" data-settings=\"{&quot;background_background&quot;:&quot;classic&quot;}\">\n\t\t\t\t<div class=\"elementor-element elementor-element-38ca2a8 elementor-widget elementor-widget-image\" data-id=\"38ca2a8\" data-element_type=\"widget\" data-e-type=\"widget\" data-widget_type=\"image.default\">\n\t\t\t\t\t\t\t\t\t\t\t\t\t\t\t<img loading=\"lazy\" decoding=\"async\" width=\"90\" height=\"92\" src=\"https:\/\/www.graiesclimalab.eu\/wp-content\/uploads\/2026\/01\/onimi-blu.svg\" class=\"attachment-full size-full wp-image-1722\" alt=\"\" \/>\t\t\t\t\t\t\t\t\t\t\t\t\t\t\t<\/div>\n\t\t\t\t<\/div>\n\t\t<div class=\"elementor-element elementor-element-a801ac2 e-con-full e-flex e-con e-child\" data-id=\"a801ac2\" data-element_type=\"container\" data-e-type=\"container\" data-settings=\"{&quot;background_background&quot;:&quot;classic&quot;}\">\n\t\t\t\t<div class=\"elementor-element elementor-element-c1c6c30 elementor-widget elementor-widget-heading\" data-id=\"c1c6c30\" data-element_type=\"widget\" data-e-type=\"widget\" data-widget_type=\"heading.default\">\n\t\t\t\t\t<h2 class=\"elementor-heading-title elementor-size-default\">366.830<\/h2>\t\t\t\t<\/div>\n\t\t\t\t<div class=\"elementor-element elementor-element-c4a82c7 elementor-widget elementor-widget-heading\" data-id=\"c4a82c7\" data-element_type=\"widget\" data-e-type=\"widget\" data-widget_type=\"heading.default\">\n\t\t\t\t\t<h2 class=\"elementor-heading-title elementor-size-default\">Habitants<\/h2>\t\t\t\t<\/div>\n\t\t\t\t<\/div>\n\t\t\t\t<\/div>\n\t\t<div class=\"elementor-element elementor-element-d06689a e-con-full e-flex e-con e-child\" data-id=\"d06689a\" data-element_type=\"container\" data-e-type=\"container\" data-settings=\"{&quot;background_background&quot;:&quot;classic&quot;}\">\n\t\t\t\t<div class=\"elementor-element elementor-element-68757ff elementor-widget elementor-widget-heading\" data-id=\"68757ff\" data-element_type=\"widget\" data-e-type=\"widget\" data-widget_type=\"heading.default\">\n\t\t\t\t\t<h2 class=\"elementor-heading-title elementor-size-default\">Partenariat<\/h2>\t\t\t\t<\/div>\n\t\t\t\t<div class=\"elementor-element elementor-element-7121755 elementor-widget elementor-widget-text-editor\" data-id=\"7121755\" data-element_type=\"widget\" data-e-type=\"widget\" data-widget_type=\"text-editor.default\">\n\t\t\t\t\t\t\t\t\t<ul><li>Citta Metropolitana di Torino<\/li><li><span style=\"color: #999999;\">Camera di Commercio Industria Artigianato \u2028e Agricoltura di Torino<\/span><\/li><li>Federazione provinciale Coldiretti di Torino<\/li><li><span style=\"color: #999999;\">GAL Valli del Canavese<\/span><\/li><li><span style=\"color: #999999;\">GAL Valli di Lanzo Ceronda e Casternone<\/span><\/li><li><span style=\"color: #999999;\">Unit\u00e9 des Communes Valdotaines Grand-Paradis<\/span><\/li><li><span style=\"color: #999999;\">Conseil D\u00e9partemental de Savoie<\/span><\/li><li>Communaut\u00e9 d\u2019Agglom\u00e8ration Arlys\u00e8re<\/li><li><span style=\"color: #999999;\">Communaut\u00e9 des Communes Coeur de Savoie<\/span><\/li><li>Syndicat Mixte de l\u2019Avant Pays Savoyard (Chef de file)<\/li><\/ul>\t\t\t\t\t\t\t\t<\/div>\n\t\t\t\t<\/div>\n\t\t\t\t<\/div>\n\t\t\t\t<\/div>\n\t\t<div class=\"elementor-element elementor-element-71578bf e-con-full e-flex e-con e-child\" data-id=\"71578bf\" data-element_type=\"container\" data-e-type=\"container\" data-settings=\"{&quot;background_background&quot;:&quot;classic&quot;}\">\n\t\t<div class=\"elementor-element elementor-element-8e442a7 e-con-full e-flex e-con e-child\" data-id=\"8e442a7\" data-element_type=\"container\" data-e-type=\"container\" data-settings=\"{&quot;background_background&quot;:&quot;classic&quot;}\">\n\t\t\t\t<div class=\"elementor-element elementor-element-3d845f8 elementor-widget elementor-widget-heading\" data-id=\"3d845f8\" data-element_type=\"widget\" data-e-type=\"widget\" data-widget_type=\"heading.default\">\n\t\t\t\t\t<h2 class=\"elementor-heading-title elementor-size-default\">DEBUT DES ACTIVITES<\/h2>\t\t\t\t<\/div>\n\t\t\t\t<div class=\"elementor-element elementor-element-9ad4df6 elementor-widget elementor-widget-text-editor\" data-id=\"9ad4df6\" data-element_type=\"widget\" data-e-type=\"widget\" data-widget_type=\"text-editor.default\">\n\t\t\t\t\t\t\t\t\t<p>12\/06\/2019<\/p>\t\t\t\t\t\t\t\t<\/div>\n\t\t\t\t<\/div>\n\t\t<div class=\"elementor-element elementor-element-2f5a4ee e-con-full e-flex e-con e-child\" data-id=\"2f5a4ee\" data-element_type=\"container\" data-e-type=\"container\" data-settings=\"{&quot;background_background&quot;:&quot;classic&quot;}\">\n\t\t\t\t<div class=\"elementor-element elementor-element-5e93577 elementor-widget elementor-widget-heading\" data-id=\"5e93577\" data-element_type=\"widget\" data-e-type=\"widget\" data-widget_type=\"heading.default\">\n\t\t\t\t\t<h2 class=\"elementor-heading-title elementor-size-default\">DEBUT DES ACTIVITES<\/h2>\t\t\t\t<\/div>\n\t\t\t\t<div class=\"elementor-element elementor-element-6880bcc elementor-widget elementor-widget-text-editor\" data-id=\"6880bcc\" data-element_type=\"widget\" data-e-type=\"widget\" data-widget_type=\"text-editor.default\">\n\t\t\t\t\t\t\t\t\t<p>03\/02\/2023<\/p>\t\t\t\t\t\t\t\t<\/div>\n\t\t\t\t<\/div>\n\t\t<div class=\"elementor-element elementor-element-228672f e-con-full e-flex e-con e-child\" data-id=\"228672f\" data-element_type=\"container\" data-e-type=\"container\" data-settings=\"{&quot;background_background&quot;:&quot;classic&quot;}\">\n\t\t\t\t<div class=\"elementor-element elementor-element-263c18b elementor-widget elementor-widget-heading\" data-id=\"263c18b\" data-element_type=\"widget\" data-e-type=\"widget\" data-widget_type=\"heading.default\">\n\t\t\t\t\t<h2 class=\"elementor-heading-title elementor-size-default\">DUREE<\/h2>\t\t\t\t<\/div>\n\t\t\t\t<div class=\"elementor-element elementor-element-fa03aab elementor-widget elementor-widget-text-editor\" data-id=\"fa03aab\" data-element_type=\"widget\" data-e-type=\"widget\" data-widget_type=\"text-editor.default\">\n\t\t\t\t\t\t\t\t\t<p>43 mois<\/p>\t\t\t\t\t\t\t\t<\/div>\n\t\t\t\t<\/div>\n\t\t<div class=\"elementor-element elementor-element-ba37dd7 e-con-full e-flex e-con e-child\" data-id=\"ba37dd7\" data-element_type=\"container\" data-e-type=\"container\" data-settings=\"{&quot;background_background&quot;:&quot;classic&quot;}\">\n\t\t\t\t<div class=\"elementor-element elementor-element-5b49a9b elementor-widget elementor-widget-heading\" data-id=\"5b49a9b\" data-element_type=\"widget\" data-e-type=\"widget\" data-widget_type=\"heading.default\">\n\t\t\t\t\t<h2 class=\"elementor-heading-title elementor-size-default\">BUDGET<\/h2>\t\t\t\t<\/div>\n\t\t\t\t<div class=\"elementor-element elementor-element-f87b9eb elementor-widget elementor-widget-text-editor\" data-id=\"f87b9eb\" data-element_type=\"widget\" data-e-type=\"widget\" data-widget_type=\"text-editor.default\">\n\t\t\t\t\t\t\t\t\t<p>1.764.705,88 \u20ac<\/p>\t\t\t\t\t\t\t\t<\/div>\n\t\t\t\t<\/div>\n\t\t\t\t<\/div>\n\t\t\t\t<div class=\"elementor-element elementor-element-7b3513d elementor-widget-divider--view-line elementor-widget elementor-widget-divider\" data-id=\"7b3513d\" data-element_type=\"widget\" data-e-type=\"widget\" data-widget_type=\"divider.default\">\n\t\t\t\t\t\t\t<div class=\"elementor-divider\">\n\t\t\t<span class=\"elementor-divider-separator\">\n\t\t\t\t\t\t<\/span>\n\t\t<\/div>\n\t\t\t\t\t\t<\/div>\n\t\t<div class=\"elementor-element elementor-element-67dbbf5 e-con-full e-flex e-con e-child\" data-id=\"67dbbf5\" data-element_type=\"container\" data-e-type=\"container\" data-settings=\"{&quot;background_background&quot;:&quot;classic&quot;}\">\n\t\t\t\t<div class=\"elementor-element elementor-element-1197f4f elementor-widget elementor-widget-heading\" data-id=\"1197f4f\" data-element_type=\"widget\" data-e-type=\"widget\" data-widget_type=\"heading.default\">\n\t\t\t\t\t<h2 class=\"elementor-heading-title elementor-size-default\">Description<\/h2>\t\t\t\t<\/div>\n\t\t\t\t<div class=\"elementor-element elementor-element-1fcae4d elementor-widget elementor-widget-text-editor\" data-id=\"1fcae4d\" data-element_type=\"widget\" data-e-type=\"widget\" data-widget_type=\"text-editor.default\">\n\t\t\t\t\t\t\t\t\t<p>SociaLab est n\u00e9 de l\u2019identification d\u2019un probl\u00e8me commun et sp\u00e9cifique aux territoires ruraux et de montagne : l\u2019existence de nombreuses zones faiblement peupl\u00e9es entra\u00eene une diminution quantitative et qualitative de l\u2019offre de services sociaux et de services publics, affectant ainsi leur attractivit\u00e9. La notion de services sociaux, et plus largement de services au public, est comprise dans une perspective transversale : cela signifie que tous les services qui font partie de la vie quotidienne des habitants du territoire sont consid\u00e9r\u00e9s dans leurs interrelations.  <\/p><p>Le travail complexe et structur\u00e9 men\u00e9 conjointement a permis de qualifier l\u2019offre de services, d\u2019en am\u00e9liorer la promotion et de d\u00e9velopper une gouvernance locale innovante et participative autour du th\u00e8me de la coh\u00e9sion sociale.<\/p>\t\t\t\t\t\t\t\t<\/div>\n\t\t\t\t<div class=\"elementor-element elementor-element-b137ba5 elementor-widget-divider--view-line elementor-widget elementor-widget-divider\" data-id=\"b137ba5\" data-element_type=\"widget\" data-e-type=\"widget\" data-widget_type=\"divider.default\">\n\t\t\t\t\t\t\t<div class=\"elementor-divider\">\n\t\t\t<span class=\"elementor-divider-separator\">\n\t\t\t\t\t\t<\/span>\n\t\t<\/div>\n\t\t\t\t\t\t<\/div>\n\t\t\t\t<div class=\"elementor-element elementor-element-f234c8d elementor-widget elementor-widget-heading\" data-id=\"f234c8d\" data-element_type=\"widget\" data-e-type=\"widget\" data-widget_type=\"heading.default\">\n\t\t\t\t\t<h2 class=\"elementor-heading-title elementor-size-default\">Principaux r\u00e9sultats<\/h2>\t\t\t\t<\/div>\n\t\t\t\t<div class=\"elementor-element elementor-element-dc01317 elementor-widget elementor-widget-text-editor\" data-id=\"dc01317\" data-element_type=\"widget\" data-e-type=\"widget\" data-widget_type=\"text-editor.default\">\n\t\t\t\t\t\t\t\t\t<p>Le projet SociaLab a permis d\u2019am\u00e9liorer la qualit\u00e9, la durabilit\u00e9 et la proximit\u00e9 des services destin\u00e9s \u00e0 la population locale, gr\u00e2ce \u00e0 une approche innovante fond\u00e9e sur la participation des usagers et la co-cr\u00e9ation.<\/p><p>L\u2019analyse des besoins a conduit \u00e0 l\u2019\u00e9laboration de plans territoriaux visant \u00e0 \u00e9valuer l\u2019offre de services locaux, ainsi qu\u2019\u00e0 la cr\u00e9ation d\u2019un observatoire participatif fond\u00e9 sur la m\u00e9thodologie Futur Lab, d\u00e9velopp\u00e9e en trois phases de consultation impliquant Coldiretti et la Ville M\u00e9tropolitaine de Turin. Des consultations locales ont \u00e9t\u00e9 men\u00e9es pour identifier les besoins des citoyens, et des outils interactifs ainsi que des plateformes d\u2019information ont \u00e9t\u00e9 mis en place afin de faciliter l\u2019acc\u00e8s aux services disponibles. <\/p><p>Pour assurer une r\u00e9elle proximit\u00e9 avec les habitants, des syst\u00e8mes de transport \u00e0 la demande bas\u00e9s sur des partenariats public-priv\u00e9 ont \u00e9t\u00e9 test\u00e9s, l\u2019adoption du num\u00e9rique a \u00e9t\u00e9 encourag\u00e9e afin de faire face \u00e0 la d\u00e9mat\u00e9rialisation des services, et des services mobiles ont \u00e9t\u00e9 d\u00e9velopp\u00e9s. En outre, des managers sociaux locaux ont \u00e9t\u00e9 form\u00e9s et int\u00e9gr\u00e9s pour accompagner les habitants dans leurs d\u00e9marches quotidiennes et leurs usages num\u00e9riques, tout en am\u00e9liorant l\u2019acc\u00e8s aux soins primaires et la qualit\u00e9 de l\u2019assistance sanitaire de base. <\/p><p>Le projet a \u00e9galement permis de cr\u00e9er et g\u00e9rer plusieurs espaces de services partag\u00e9s, tels que des gares ferroviaires, march\u00e9s, exploitations agricoles, France Services, guichets uniques et points d\u2019information jeunesse, favorisant ainsi le lien social et l\u2019inclusion territoriale.<\/p><p>La crise sanitaire li\u00e9e au Covid-19 a mis en \u00e9vidence l\u2019importance de maintenir l\u2019acc\u00e8s aux services dans les zones rurales et de montagne, en r\u00e9pondant aux probl\u00e8mes d\u2019isolement et de mobilit\u00e9 r\u00e9duite des groupes vuln\u00e9rables, et en soulignant le r\u00f4le multifonctionnel des exploitations agricoles et des march\u00e9s locaux en tant que centres de coh\u00e9sion sociale.<\/p><p>Parmi les actions cl\u00e9s du projet, on peut citer la mise en place d&rsquo;une section d\u00e9centralis\u00e9e du Bureau de protection publique aupr\u00e8s du tribunal d&rsquo;Ivrea, la cr\u00e9ation d&rsquo;un r\u00e9seau de services d&rsquo;aide sociale de proximit\u00e9 et l&rsquo;exp\u00e9rimentation de mod\u00e8les bas\u00e9s sur le bien-\u00eatre de la communaut\u00e9, avec la cr\u00e9ation et la formation d&rsquo;op\u00e9rateurs sociaux communautaires, dont quatre ont \u00e9t\u00e9 engag\u00e9s par les services sociaux de la Ville m\u00e9tropolitaine de Turin. Parmi les actions cl\u00e9s du projet figurent : la cr\u00e9ation d\u2019une antenne d\u00e9centralis\u00e9e du Bureau de la protection publique aupr\u00e8s du tribunal d\u2019Ivrea, l\u2019ouverture du centre de services partag\u00e9s Clic\u2019 &amp; Ressources \u00e0 Val Guiers, soutenue par trois managers sociaux, la formation et l\u2019embauche de quatre managers sociaux destin\u00e9s aux zones pilotes et aux espaces partag\u00e9s, la mise en place d\u2019un r\u00e9seau de transport \u00e0 la demande coordonn\u00e9 par l\u2019Agglom\u00e9ration d\u2019Arlys\u00e8re, afin d\u2019am\u00e9liorer la mobilit\u00e9 des personnes isol\u00e9es.<\/p>\t\t\t\t\t\t\t\t<\/div>\n\t\t\t\t<\/div>\n\t\t\t\t\t<\/div>\n\t\t\t\t<\/div>\n\t\t\t\t<\/div>\n\t\t","protected":false},"excerpt":{"rendered":"<p>Encourager la citoyennet\u00e9<\/p>\n","protected":false},"author":1,"featured_media":0,"parent":1717,"menu_order":0,"comment_status":"closed","ping_status":"closed","template":"","meta":{"_acf_changed":false,"footnotes":""},"class_list":["post-1734","page","type-page","status-publish","hentry"],"acf":[],"yoast_head":"<!-- This site is optimized with the Yoast SEO plugin v27.5 - https:\/\/yoast.com\/product\/yoast-seo-wordpress\/ -->\n<title>Projet SociaLab - Graies Clima Lab<\/title>\n<meta name=\"robots\" content=\"index, follow, max-snippet:-1, max-image-preview:large, max-video-preview:-1\" \/>\n<link rel=\"canonical\" href=\"https:\/\/www.graiesclimalab.eu\/fr\/piter-2014-2020\/projet-socialab\/\" \/>\n<meta property=\"og:locale\" content=\"fr_FR\" \/>\n<meta property=\"og:type\" content=\"article\" \/>\n<meta property=\"og:title\" content=\"Projet SociaLab - Graies Clima Lab\" \/>\n<meta property=\"og:description\" content=\"Encourager la citoyennet\u00e9\" \/>\n<meta property=\"og:url\" content=\"https:\/\/www.graiesclimalab.eu\/fr\/piter-2014-2020\/projet-socialab\/\" \/>\n<meta property=\"og:site_name\" content=\"Graies Clima Lab\" \/>\n<meta property=\"article:publisher\" content=\"https:\/\/www.facebook.com\/CittaMetroTO\" \/>\n<meta property=\"article:modified_time\" content=\"2026-02-02T15:23:28+00:00\" \/>\n<meta name=\"twitter:card\" content=\"summary_large_image\" \/>\n<meta name=\"twitter:label1\" content=\"Dur\u00e9e de lecture estim\u00e9e\" \/>\n\t<meta name=\"twitter:data1\" content=\"4 minutes\" \/>\n<script type=\"application\/ld+json\" class=\"yoast-schema-graph\">{\"@context\":\"https:\\\/\\\/schema.org\",\"@graph\":[{\"@type\":\"WebPage\",\"@id\":\"https:\\\/\\\/www.graiesclimalab.eu\\\/fr\\\/piter-2014-2020\\\/projet-socialab\\\/\",\"url\":\"https:\\\/\\\/www.graiesclimalab.eu\\\/fr\\\/piter-2014-2020\\\/projet-socialab\\\/\",\"name\":\"Projet SociaLab - Graies Clima Lab\",\"isPartOf\":{\"@id\":\"https:\\\/\\\/www.graiesclimalab.eu\\\/fr\\\/#website\"},\"primaryImageOfPage\":{\"@id\":\"https:\\\/\\\/www.graiesclimalab.eu\\\/fr\\\/piter-2014-2020\\\/projet-socialab\\\/#primaryimage\"},\"image\":{\"@id\":\"https:\\\/\\\/www.graiesclimalab.eu\\\/fr\\\/piter-2014-2020\\\/projet-socialab\\\/#primaryimage\"},\"thumbnailUrl\":\"https:\\\/\\\/www.graiesclimalab.eu\\\/wp-content\\\/uploads\\\/2026\\\/01\\\/socialab.svg\",\"datePublished\":\"2026-01-28T10:51:43+00:00\",\"dateModified\":\"2026-02-02T15:23:28+00:00\",\"breadcrumb\":{\"@id\":\"https:\\\/\\\/www.graiesclimalab.eu\\\/fr\\\/piter-2014-2020\\\/projet-socialab\\\/#breadcrumb\"},\"inLanguage\":\"fr-FR\",\"potentialAction\":[{\"@type\":\"ReadAction\",\"target\":[\"https:\\\/\\\/www.graiesclimalab.eu\\\/fr\\\/piter-2014-2020\\\/projet-socialab\\\/\"]}]},{\"@type\":\"ImageObject\",\"inLanguage\":\"fr-FR\",\"@id\":\"https:\\\/\\\/www.graiesclimalab.eu\\\/fr\\\/piter-2014-2020\\\/projet-socialab\\\/#primaryimage\",\"url\":\"https:\\\/\\\/www.graiesclimalab.eu\\\/wp-content\\\/uploads\\\/2026\\\/01\\\/socialab.svg\",\"contentUrl\":\"https:\\\/\\\/www.graiesclimalab.eu\\\/wp-content\\\/uploads\\\/2026\\\/01\\\/socialab.svg\"},{\"@type\":\"BreadcrumbList\",\"@id\":\"https:\\\/\\\/www.graiesclimalab.eu\\\/fr\\\/piter-2014-2020\\\/projet-socialab\\\/#breadcrumb\",\"itemListElement\":[{\"@type\":\"ListItem\",\"position\":1,\"name\":\"Home\",\"item\":\"https:\\\/\\\/www.graiesclimalab.eu\\\/fr\\\/home\\\/\"},{\"@type\":\"ListItem\",\"position\":2,\"name\":\"Piter 2014\\\/2020\",\"item\":\"https:\\\/\\\/www.graiesclimalab.eu\\\/fr\\\/piter-2014-2020\\\/\"},{\"@type\":\"ListItem\",\"position\":3,\"name\":\"Projet SociaLab\"}]},{\"@type\":\"WebSite\",\"@id\":\"https:\\\/\\\/www.graiesclimalab.eu\\\/fr\\\/#website\",\"url\":\"https:\\\/\\\/www.graiesclimalab.eu\\\/fr\\\/\",\"name\":\"Graies Clima Lab\",\"description\":\"\",\"publisher\":{\"@id\":\"https:\\\/\\\/www.graiesclimalab.eu\\\/fr\\\/#organization\"},\"potentialAction\":[{\"@type\":\"SearchAction\",\"target\":{\"@type\":\"EntryPoint\",\"urlTemplate\":\"https:\\\/\\\/www.graiesclimalab.eu\\\/fr\\\/?s={search_term_string}\"},\"query-input\":{\"@type\":\"PropertyValueSpecification\",\"valueRequired\":true,\"valueName\":\"search_term_string\"}}],\"inLanguage\":\"fr-FR\"},{\"@type\":\"Organization\",\"@id\":\"https:\\\/\\\/www.graiesclimalab.eu\\\/fr\\\/#organization\",\"name\":\"Graies Clima Lab\",\"url\":\"https:\\\/\\\/www.graiesclimalab.eu\\\/fr\\\/\",\"logo\":{\"@type\":\"ImageObject\",\"inLanguage\":\"fr-FR\",\"@id\":\"https:\\\/\\\/www.graiesclimalab.eu\\\/fr\\\/#\\\/schema\\\/logo\\\/image\\\/\",\"url\":\"https:\\\/\\\/www.graiesclimalab.eu\\\/wp-content\\\/uploads\\\/2025\\\/09\\\/logo-graies-interreg.png\",\"contentUrl\":\"https:\\\/\\\/www.graiesclimalab.eu\\\/wp-content\\\/uploads\\\/2025\\\/09\\\/logo-graies-interreg.png\",\"width\":640,\"height\":120,\"caption\":\"Graies Clima Lab\"},\"image\":{\"@id\":\"https:\\\/\\\/www.graiesclimalab.eu\\\/fr\\\/#\\\/schema\\\/logo\\\/image\\\/\"},\"sameAs\":[\"https:\\\/\\\/www.facebook.com\\\/CittaMetroTO\",\"https:\\\/\\\/www.instagram.com\\\/cittametroto\\\/\"]}]}<\/script>\n<!-- \/ Yoast SEO plugin. -->","yoast_head_json":{"title":"Projet SociaLab - Graies Clima Lab","robots":{"index":"index","follow":"follow","max-snippet":"max-snippet:-1","max-image-preview":"max-image-preview:large","max-video-preview":"max-video-preview:-1"},"canonical":"https:\/\/www.graiesclimalab.eu\/fr\/piter-2014-2020\/projet-socialab\/","og_locale":"fr_FR","og_type":"article","og_title":"Projet SociaLab - Graies Clima Lab","og_description":"Encourager la citoyennet\u00e9","og_url":"https:\/\/www.graiesclimalab.eu\/fr\/piter-2014-2020\/projet-socialab\/","og_site_name":"Graies Clima Lab","article_publisher":"https:\/\/www.facebook.com\/CittaMetroTO","article_modified_time":"2026-02-02T15:23:28+00:00","twitter_card":"summary_large_image","twitter_misc":{"Dur\u00e9e de lecture estim\u00e9e":"4 minutes"},"schema":{"@context":"https:\/\/schema.org","@graph":[{"@type":"WebPage","@id":"https:\/\/www.graiesclimalab.eu\/fr\/piter-2014-2020\/projet-socialab\/","url":"https:\/\/www.graiesclimalab.eu\/fr\/piter-2014-2020\/projet-socialab\/","name":"Projet SociaLab - Graies Clima Lab","isPartOf":{"@id":"https:\/\/www.graiesclimalab.eu\/fr\/#website"},"primaryImageOfPage":{"@id":"https:\/\/www.graiesclimalab.eu\/fr\/piter-2014-2020\/projet-socialab\/#primaryimage"},"image":{"@id":"https:\/\/www.graiesclimalab.eu\/fr\/piter-2014-2020\/projet-socialab\/#primaryimage"},"thumbnailUrl":"https:\/\/www.graiesclimalab.eu\/wp-content\/uploads\/2026\/01\/socialab.svg","datePublished":"2026-01-28T10:51:43+00:00","dateModified":"2026-02-02T15:23:28+00:00","breadcrumb":{"@id":"https:\/\/www.graiesclimalab.eu\/fr\/piter-2014-2020\/projet-socialab\/#breadcrumb"},"inLanguage":"fr-FR","potentialAction":[{"@type":"ReadAction","target":["https:\/\/www.graiesclimalab.eu\/fr\/piter-2014-2020\/projet-socialab\/"]}]},{"@type":"ImageObject","inLanguage":"fr-FR","@id":"https:\/\/www.graiesclimalab.eu\/fr\/piter-2014-2020\/projet-socialab\/#primaryimage","url":"https:\/\/www.graiesclimalab.eu\/wp-content\/uploads\/2026\/01\/socialab.svg","contentUrl":"https:\/\/www.graiesclimalab.eu\/wp-content\/uploads\/2026\/01\/socialab.svg"},{"@type":"BreadcrumbList","@id":"https:\/\/www.graiesclimalab.eu\/fr\/piter-2014-2020\/projet-socialab\/#breadcrumb","itemListElement":[{"@type":"ListItem","position":1,"name":"Home","item":"https:\/\/www.graiesclimalab.eu\/fr\/home\/"},{"@type":"ListItem","position":2,"name":"Piter 2014\/2020","item":"https:\/\/www.graiesclimalab.eu\/fr\/piter-2014-2020\/"},{"@type":"ListItem","position":3,"name":"Projet SociaLab"}]},{"@type":"WebSite","@id":"https:\/\/www.graiesclimalab.eu\/fr\/#website","url":"https:\/\/www.graiesclimalab.eu\/fr\/","name":"Graies Clima Lab","description":"","publisher":{"@id":"https:\/\/www.graiesclimalab.eu\/fr\/#organization"},"potentialAction":[{"@type":"SearchAction","target":{"@type":"EntryPoint","urlTemplate":"https:\/\/www.graiesclimalab.eu\/fr\/?s={search_term_string}"},"query-input":{"@type":"PropertyValueSpecification","valueRequired":true,"valueName":"search_term_string"}}],"inLanguage":"fr-FR"},{"@type":"Organization","@id":"https:\/\/www.graiesclimalab.eu\/fr\/#organization","name":"Graies Clima Lab","url":"https:\/\/www.graiesclimalab.eu\/fr\/","logo":{"@type":"ImageObject","inLanguage":"fr-FR","@id":"https:\/\/www.graiesclimalab.eu\/fr\/#\/schema\/logo\/image\/","url":"https:\/\/www.graiesclimalab.eu\/wp-content\/uploads\/2025\/09\/logo-graies-interreg.png","contentUrl":"https:\/\/www.graiesclimalab.eu\/wp-content\/uploads\/2025\/09\/logo-graies-interreg.png","width":640,"height":120,"caption":"Graies Clima Lab"},"image":{"@id":"https:\/\/www.graiesclimalab.eu\/fr\/#\/schema\/logo\/image\/"},"sameAs":["https:\/\/www.facebook.com\/CittaMetroTO","https:\/\/www.instagram.com\/cittametroto\/"]}]}},"_links":{"self":[{"href":"https:\/\/www.graiesclimalab.eu\/fr\/wp-json\/wp\/v2\/pages\/1734","targetHints":{"allow":["GET"]}}],"collection":[{"href":"https:\/\/www.graiesclimalab.eu\/fr\/wp-json\/wp\/v2\/pages"}],"about":[{"href":"https:\/\/www.graiesclimalab.eu\/fr\/wp-json\/wp\/v2\/types\/page"}],"author":[{"embeddable":true,"href":"https:\/\/www.graiesclimalab.eu\/fr\/wp-json\/wp\/v2\/users\/1"}],"replies":[{"embeddable":true,"href":"https:\/\/www.graiesclimalab.eu\/fr\/wp-json\/wp\/v2\/comments?post=1734"}],"version-history":[{"count":1,"href":"https:\/\/www.graiesclimalab.eu\/fr\/wp-json\/wp\/v2\/pages\/1734\/revisions"}],"predecessor-version":[{"id":1735,"href":"https:\/\/www.graiesclimalab.eu\/fr\/wp-json\/wp\/v2\/pages\/1734\/revisions\/1735"}],"up":[{"embeddable":true,"href":"https:\/\/www.graiesclimalab.eu\/fr\/wp-json\/wp\/v2\/pages\/1717"}],"wp:attachment":[{"href":"https:\/\/www.graiesclimalab.eu\/fr\/wp-json\/wp\/v2\/media?parent=1734"}],"curies":[{"name":"wp","href":"https:\/\/api.w.org\/{rel}","templated":true}]}}